{"version":"1.0","provider_name":"Bati Ermenistan Ve Bati Ermenileri Sorunlari Ara\u015ftirmalar Merkezi","provider_url":"https:\/\/akunq.net\/turkish","author_name":"kalem","author_url":"https:\/\/akunq.net\/turkish\/author\/kalem\/","title":"Rakel Dink: T\u00fcrkiye'de sorulacak \u00e7ok \u015fey var - Bati Ermenistan Ve Bati Ermenileri Sorunlari Ara\u015ftirmalar Merkezi","type":"rich","width":600,"height":338,"html":"<blockquote class=\"wp-embedded-content\" data-secret=\"u9cFh4cV5w\"><a href=\"https:\/\/akunq.net\/turkish\/2010\/06\/14\/rakel-dink-turkiyede-sorulacak-cok-sey-var\/\">Rakel Dink: T\u00fcrkiye&#8217;de sorulacak \u00e7ok \u015fey var<\/a><\/blockquote><iframe sandbox=\"allow-scripts\" security=\"restricted\" src=\"https:\/\/akunq.net\/turkish\/2010\/06\/14\/rakel-dink-turkiyede-sorulacak-cok-sey-var\/embed\/#?secret=u9cFh4cV5w\" width=\"600\" height=\"338\" title=\"&#8220;Rakel Dink: T\u00fcrkiye&#8217;de sorulacak \u00e7ok \u015fey var&#8221; &#8212; Bati Ermenistan Ve Bati Ermenileri Sorunlari Ara\u015ftirmalar Merkezi\" data-secret=\"u9cFh4cV5w\" frameborder=\"0\" marginwidth=\"0\" marginheight=\"0\" scrolling=\"no\" class=\"wp-embedded-content\"><\/iframe><script>\n\/*! This file is auto-generated *\/\n!function(d,l){\"use strict\";l.querySelector&&d.addEventListener&&\"undefined\"!=typeof URL&&(d.wp=d.wp||{},d.wp.receiveEmbedMessage||(d.wp.receiveEmbedMessage=function(e){var t=e.data;if((t||t.secret||t.message||t.value)&&!\/[^a-zA-Z0-9]\/.test(t.secret)){for(var s,r,n,a=l.querySelectorAll('iframe[data-secret=\"'+t.secret+'\"]'),o=l.querySelectorAll('blockquote[data-secret=\"'+t.secret+'\"]'),c=new RegExp(\"^https?:$\",\"i\"),i=0;i<o.length;i++)o[i].style.display=\"none\";for(i=0;i<a.length;i++)s=a[i],e.source===s.contentWindow&&(s.removeAttribute(\"style\"),\"height\"===t.message?(1e3<(r=parseInt(t.value,10))?r=1e3:~~r<200&&(r=200),s.height=r):\"link\"===t.message&&(r=new URL(s.getAttribute(\"src\")),n=new URL(t.value),c.test(n.protocol))&&n.host===r.host&&l.activeElement===s&&(d.top.location.href=t.value))}},d.addEventListener(\"message\",d.wp.receiveEmbedMessage,!1),l.addEventListener(\"DOMContentLoaded\",function(){for(var e,t,s=l.querySelectorAll(\"iframe.wp-embedded-content\"),r=0;r<s.length;r++)(t=(e=s[r]).getAttribute(\"data-secret\"))||(t=Math.random().toString(36).substring(2,12),e.src+=\"#?secret=\"+t,e.setAttribute(\"data-secret\",t)),e.contentWindow.postMessage({message:\"ready\",secret:t},\"*\")},!1)))}(window,document);\n\/\/# sourceURL=https:\/\/akunq.net\/turkish\/wp-includes\/js\/wp-embed.min.js\n<\/script>\n","description":"Uluslararas\u0131 Hrant Dink Vakf\u0131\u2019n\u0131n d\u00fczenledi\u011fi \u201cOsmanl\u0131 \u0130mparatorlu\u011fu ve T\u00fcrkiye\u2019de K\u00fclt\u00fcrel Etkile\u015fimler Sempozyumu\u201d \u0130stanbul Bilgi \u00dcniversitesi Dolapdere Kamp\u00fcs\u00fc\u2019nde ba\u015flad\u0131. \u0130ki g\u00fcn s\u00fcrecek sempozyumun ilk g\u00fcn\u00fcne Amerika\u2019dan Ermenistan\u2019a, \u0130talya\u2019dan \u0130ngiltere\u2019ye bir\u00e7ok akademisyen ve yazar kat\u0131ld\u0131. A\u00e7\u0131l\u0131\u015f konu\u015fmas\u0131n\u0131 yapan Prof. Dr Cengiz Aktar, \u201cArkeolojik \u00e7al\u0131\u015fma yapar gibi, iki g\u00fcn boyunca, yap\u0131lan incelikli ara\u015ft\u0131rmalar\u0131n izlenece\u011fini\u201d s\u00f6yledi. Sempozuma dair g\u00f6r\u00fc\u015ft\u00fc\u011f\u00fcm\u00fcz [&hellip;]"}