{"version":"1.0","provider_name":"Bati Ermenistan Ve Bati Ermenileri Sorunlari Ara\u015ftirmalar Merkezi","provider_url":"https:\/\/akunq.net\/turkish","author_name":"kalem","author_url":"https:\/\/akunq.net\/turkish\/author\/kalem\/","title":"AKDAMAR'DAK\u0130 \u0130LK \u0130BADET \u0130\u00c7\u0130N OTELC\u0130LER B\u0130R ARAYA GELD\u0130 - Bati Ermenistan Ve Bati Ermenileri Sorunlari Ara\u015ftirmalar Merkezi","type":"rich","width":600,"height":338,"html":"<blockquote class=\"wp-embedded-content\" data-secret=\"kXrklcH8pB\"><a href=\"https:\/\/akunq.net\/turkish\/2010\/06\/11\/akdamardaki-ilk-ibadet-icin-otelciler-bir-araya-geldi\/\">AKDAMAR&#8217;DAK\u0130 \u0130LK \u0130BADET \u0130\u00c7\u0130N OTELC\u0130LER B\u0130R ARAYA GELD\u0130<\/a><\/blockquote><iframe sandbox=\"allow-scripts\" security=\"restricted\" src=\"https:\/\/akunq.net\/turkish\/2010\/06\/11\/akdamardaki-ilk-ibadet-icin-otelciler-bir-araya-geldi\/embed\/#?secret=kXrklcH8pB\" width=\"600\" height=\"338\" title=\"&#8220;AKDAMAR&#8217;DAK\u0130 \u0130LK \u0130BADET \u0130\u00c7\u0130N OTELC\u0130LER B\u0130R ARAYA GELD\u0130&#8221; &#8212; Bati Ermenistan Ve Bati Ermenileri Sorunlari Ara\u015ftirmalar Merkezi\" data-secret=\"kXrklcH8pB\" frameborder=\"0\" marginwidth=\"0\" marginheight=\"0\" scrolling=\"no\" class=\"wp-embedded-content\"><\/iframe><script>\n\/*! This file is auto-generated *\/\n!function(d,l){\"use strict\";l.querySelector&&d.addEventListener&&\"undefined\"!=typeof URL&&(d.wp=d.wp||{},d.wp.receiveEmbedMessage||(d.wp.receiveEmbedMessage=function(e){var t=e.data;if((t||t.secret||t.message||t.value)&&!\/[^a-zA-Z0-9]\/.test(t.secret)){for(var s,r,n,a=l.querySelectorAll('iframe[data-secret=\"'+t.secret+'\"]'),o=l.querySelectorAll('blockquote[data-secret=\"'+t.secret+'\"]'),c=new RegExp(\"^https?:$\",\"i\"),i=0;i<o.length;i++)o[i].style.display=\"none\";for(i=0;i<a.length;i++)s=a[i],e.source===s.contentWindow&&(s.removeAttribute(\"style\"),\"height\"===t.message?(1e3<(r=parseInt(t.value,10))?r=1e3:~~r<200&&(r=200),s.height=r):\"link\"===t.message&&(r=new URL(s.getAttribute(\"src\")),n=new URL(t.value),c.test(n.protocol))&&n.host===r.host&&l.activeElement===s&&(d.top.location.href=t.value))}},d.addEventListener(\"message\",d.wp.receiveEmbedMessage,!1),l.addEventListener(\"DOMContentLoaded\",function(){for(var e,t,s=l.querySelectorAll(\"iframe.wp-embedded-content\"),r=0;r<s.length;r++)(t=(e=s[r]).getAttribute(\"data-secret\"))||(t=Math.random().toString(36).substring(2,12),e.src+=\"#?secret=\"+t,e.setAttribute(\"data-secret\",t)),e.contentWindow.postMessage({message:\"ready\",secret:t},\"*\")},!1)))}(window,document);\n\/\/# sourceURL=https:\/\/akunq.net\/turkish\/wp-includes\/js\/wp-embed.min.js\n<\/script>\n","description":"VAN Valisi M\u00fcnir Karalo\u011flu, Akdamar Kilisesi&#8217;nde yap\u0131lacak ilk ibadet i\u00e7in kentteki otel ve misafirhane y\u00f6neticiler ile bir araya geldi. Vali Karalo\u011flu 19 Eyl\u00fcl&#8217;e haz\u0131rland\u0131klar\u0131n\u0131 belirtirken &#8216;Van&#8217;a gelecek Ermenilere evlerimizi a\u00e7\u0131yoruz&#8217; kampanyas\u0131n\u0131 ba\u015flatan yerel gazete sahibini de te\u015fekk\u00fcr etti. Vali Karalo\u011flu &#8220;Tarihimizde farkl\u0131 inan\u00e7lara ve etnik gruplara kar\u015f\u0131 \u00f6teki muamelesi yapmad\u0131k. Bunun en b\u00fcy\u00fck \u00f6rne\u011fi de [&hellip;]"}