{"version":"1.0","provider_name":"Bati Ermenistan Ve Bati Ermenileri Sorunlari Ara\u015ftirmalar Merkezi","provider_url":"https:\/\/akunq.net\/turkish","author_name":"kalem","author_url":"https:\/\/akunq.net\/turkish\/author\/kalem\/","title":"\u201cDil ve bellek\u201d \u00fczerine konu\u015fmalar - Bati Ermenistan Ve Bati Ermenileri Sorunlari Ara\u015ftirmalar Merkezi","type":"rich","width":600,"height":338,"html":"<blockquote class=\"wp-embedded-content\" data-secret=\"b2CgizhzzO\"><a href=\"https:\/\/akunq.net\/turkish\/2010\/06\/07\/dil-ve-bellek-uzerine-konusmalar\/\">\u201cDil ve bellek\u201d \u00fczerine konu\u015fmalar<\/a><\/blockquote><iframe sandbox=\"allow-scripts\" security=\"restricted\" src=\"https:\/\/akunq.net\/turkish\/2010\/06\/07\/dil-ve-bellek-uzerine-konusmalar\/embed\/#?secret=b2CgizhzzO\" width=\"600\" height=\"338\" title=\"&#8220;\u201cDil ve bellek\u201d \u00fczerine konu\u015fmalar&#8221; &#8212; Bati Ermenistan Ve Bati Ermenileri Sorunlari Ara\u015ftirmalar Merkezi\" data-secret=\"b2CgizhzzO\" frameborder=\"0\" marginwidth=\"0\" marginheight=\"0\" scrolling=\"no\" class=\"wp-embedded-content\"><\/iframe><script>\n\/*! This file is auto-generated *\/\n!function(d,l){\"use strict\";l.querySelector&&d.addEventListener&&\"undefined\"!=typeof URL&&(d.wp=d.wp||{},d.wp.receiveEmbedMessage||(d.wp.receiveEmbedMessage=function(e){var t=e.data;if((t||t.secret||t.message||t.value)&&!\/[^a-zA-Z0-9]\/.test(t.secret)){for(var s,r,n,a=l.querySelectorAll('iframe[data-secret=\"'+t.secret+'\"]'),o=l.querySelectorAll('blockquote[data-secret=\"'+t.secret+'\"]'),c=new RegExp(\"^https?:$\",\"i\"),i=0;i<o.length;i++)o[i].style.display=\"none\";for(i=0;i<a.length;i++)s=a[i],e.source===s.contentWindow&&(s.removeAttribute(\"style\"),\"height\"===t.message?(1e3<(r=parseInt(t.value,10))?r=1e3:~~r<200&&(r=200),s.height=r):\"link\"===t.message&&(r=new URL(s.getAttribute(\"src\")),n=new URL(t.value),c.test(n.protocol))&&n.host===r.host&&l.activeElement===s&&(d.top.location.href=t.value))}},d.addEventListener(\"message\",d.wp.receiveEmbedMessage,!1),l.addEventListener(\"DOMContentLoaded\",function(){for(var e,t,s=l.querySelectorAll(\"iframe.wp-embedded-content\"),r=0;r<s.length;r++)(t=(e=s[r]).getAttribute(\"data-secret\"))||(t=Math.random().toString(36).substring(2,12),e.src+=\"#?secret=\"+t,e.setAttribute(\"data-secret\",t)),e.contentWindow.postMessage({message:\"ready\",secret:t},\"*\")},!1)))}(window,document);\n\/\/# sourceURL=https:\/\/akunq.net\/turkish\/wp-includes\/js\/wp-embed.min.js\n<\/script>\n","description":"Sabanc\u0131 \u00dcniversitesi ve Anadolu K\u00fclt\u00fcr taraf\u0131ndan \u00fc\u00e7\u00fcnc\u00fcs\u00fc d\u00fczenlenen \u2018Hrant Dink At\u00f6lye \u00c7al\u0131\u015fmalar\u0131\u2019 27-29 May\u0131s tarihlerinde Galatasaray\u2019daki Cezayir Toplant\u0131 Salonu\u2019nda yap\u0131ld\u0131. Anadolu ve \u00e7evresindeki halklar\u0131n dilleri ve bellekleri \u00fczerinde yo\u011funla\u015fan sunumlar, T\u00fcrkiye\u2019nin ge\u00e7mi\u015fle y\u00fczle\u015fmesi yolundaki akademik \u00e7abalar\u0131n geldi\u011fi noktay\u0131 ifade ediyordu. At\u00f6lyelerde devlet politikalar\u0131, k\u00fclt\u00fcrel etkile\u015fimler, kad\u0131n, edebiyat, tarih, kimlik gibi \u00e7e\u015fitli kavramlar ele al\u0131nd\u0131. Silvina [&hellip;]"}