{"version":"1.0","provider_name":"Bati Ermenistan Ve Bati Ermenileri Sorunlari Ara\u015ftirmalar Merkezi","provider_url":"https:\/\/akunq.net\/turkish","author_name":"kalem","author_url":"https:\/\/akunq.net\/turkish\/author\/kalem\/","title":"Mezuniyet a\u00e7\u0131l\u0131m\u0131 - Bati Ermenistan Ve Bati Ermenileri Sorunlari Ara\u015ftirmalar Merkezi","type":"rich","width":600,"height":338,"html":"<blockquote class=\"wp-embedded-content\" data-secret=\"qzRyTNWaX2\"><a href=\"https:\/\/akunq.net\/turkish\/2010\/06\/04\/mezuniyet-acilimi\/\">Mezuniyet a\u00e7\u0131l\u0131m\u0131<\/a><\/blockquote><iframe sandbox=\"allow-scripts\" security=\"restricted\" src=\"https:\/\/akunq.net\/turkish\/2010\/06\/04\/mezuniyet-acilimi\/embed\/#?secret=qzRyTNWaX2\" width=\"600\" height=\"338\" title=\"&#8220;Mezuniyet a\u00e7\u0131l\u0131m\u0131&#8221; &#8212; Bati Ermenistan Ve Bati Ermenileri Sorunlari Ara\u015ftirmalar Merkezi\" data-secret=\"qzRyTNWaX2\" frameborder=\"0\" marginwidth=\"0\" marginheight=\"0\" scrolling=\"no\" class=\"wp-embedded-content\"><\/iframe><script>\n\/*! This file is auto-generated *\/\n!function(d,l){\"use strict\";l.querySelector&&d.addEventListener&&\"undefined\"!=typeof URL&&(d.wp=d.wp||{},d.wp.receiveEmbedMessage||(d.wp.receiveEmbedMessage=function(e){var t=e.data;if((t||t.secret||t.message||t.value)&&!\/[^a-zA-Z0-9]\/.test(t.secret)){for(var s,r,n,a=l.querySelectorAll('iframe[data-secret=\"'+t.secret+'\"]'),o=l.querySelectorAll('blockquote[data-secret=\"'+t.secret+'\"]'),c=new RegExp(\"^https?:$\",\"i\"),i=0;i<o.length;i++)o[i].style.display=\"none\";for(i=0;i<a.length;i++)s=a[i],e.source===s.contentWindow&&(s.removeAttribute(\"style\"),\"height\"===t.message?(1e3<(r=parseInt(t.value,10))?r=1e3:~~r<200&&(r=200),s.height=r):\"link\"===t.message&&(r=new URL(s.getAttribute(\"src\")),n=new URL(t.value),c.test(n.protocol))&&n.host===r.host&&l.activeElement===s&&(d.top.location.href=t.value))}},d.addEventListener(\"message\",d.wp.receiveEmbedMessage,!1),l.addEventListener(\"DOMContentLoaded\",function(){for(var e,t,s=l.querySelectorAll(\"iframe.wp-embedded-content\"),r=0;r<s.length;r++)(t=(e=s[r]).getAttribute(\"data-secret\"))||(t=Math.random().toString(36).substring(2,12),e.src+=\"#?secret=\"+t,e.setAttribute(\"data-secret\",t)),e.contentWindow.postMessage({message:\"ready\",secret:t},\"*\")},!1)))}(window,document);\n\/\/# sourceURL=https:\/\/akunq.net\/turkish\/wp-includes\/js\/wp-embed.min.js\n<\/script>\n","description":"Esra KAYA \/ ANKARA 4 Haziran 2010 Milli E\u011fitim Bakan\u0131 Nimet \u00c7ubuk\u00e7u, bir ilki ger\u00e7ekle\u015ftirerek, Ermeni ve Fener Rum az\u0131nl\u0131k okullar\u0131n\u0131n mezuniyet t\u00f6renlerine kat\u0131l\u0131p, diploma da\u011f\u0131tacak. N\u0130MET \u00c7ubuk\u00e7u az\u0131nl\u0131k okullar\u0131n\u0131n mezuniyet t\u00f6renlerine kat\u0131lacak ilk Milli E\u011fitim Bakan\u0131 olacak. Bakan \u00c7ubuk\u00e7u, \u0130stanbul\u2019da, 9 Haziran\u2019da Ermeni, 11 Haziran\u2019da da Fener Rum az\u0131nl\u0131k okullar\u0131n\u0131n \u00f6\u011frencilerine diplomalar\u0131n\u0131 verecek. hurriyet.com.tr [&hellip;]"}