{"version":"1.0","provider_name":"Bati Ermenistan Ve Bati Ermenileri Sorunlari Ara\u015ftirmalar Merkezi","provider_url":"https:\/\/akunq.net\/turkish","author_name":"kalem","author_url":"https:\/\/akunq.net\/turkish\/author\/kalem\/","title":"Alman vakf\u0131ndan 1915 ad\u0131m\u0131 - Bati Ermenistan Ve Bati Ermenileri Sorunlari Ara\u015ftirmalar Merkezi","type":"rich","width":600,"height":338,"html":"<blockquote class=\"wp-embedded-content\" data-secret=\"K4Dd2kht7U\"><a href=\"https:\/\/akunq.net\/turkish\/2010\/05\/31\/alman-vakfindan-1915-adimi\/\">Alman vakf\u0131ndan 1915 ad\u0131m\u0131<\/a><\/blockquote><iframe sandbox=\"allow-scripts\" security=\"restricted\" src=\"https:\/\/akunq.net\/turkish\/2010\/05\/31\/alman-vakfindan-1915-adimi\/embed\/#?secret=K4Dd2kht7U\" width=\"600\" height=\"338\" title=\"&#8220;Alman vakf\u0131ndan 1915 ad\u0131m\u0131&#8221; &#8212; Bati Ermenistan Ve Bati Ermenileri Sorunlari Ara\u015ftirmalar Merkezi\" data-secret=\"K4Dd2kht7U\" frameborder=\"0\" marginwidth=\"0\" marginheight=\"0\" scrolling=\"no\" class=\"wp-embedded-content\"><\/iframe><script>\n\/*! This file is auto-generated *\/\n!function(d,l){\"use strict\";l.querySelector&&d.addEventListener&&\"undefined\"!=typeof URL&&(d.wp=d.wp||{},d.wp.receiveEmbedMessage||(d.wp.receiveEmbedMessage=function(e){var t=e.data;if((t||t.secret||t.message||t.value)&&!\/[^a-zA-Z0-9]\/.test(t.secret)){for(var s,r,n,a=l.querySelectorAll('iframe[data-secret=\"'+t.secret+'\"]'),o=l.querySelectorAll('blockquote[data-secret=\"'+t.secret+'\"]'),c=new RegExp(\"^https?:$\",\"i\"),i=0;i<o.length;i++)o[i].style.display=\"none\";for(i=0;i<a.length;i++)s=a[i],e.source===s.contentWindow&&(s.removeAttribute(\"style\"),\"height\"===t.message?(1e3<(r=parseInt(t.value,10))?r=1e3:~~r<200&&(r=200),s.height=r):\"link\"===t.message&&(r=new URL(s.getAttribute(\"src\")),n=new URL(t.value),c.test(n.protocol))&&n.host===r.host&&l.activeElement===s&&(d.top.location.href=t.value))}},d.addEventListener(\"message\",d.wp.receiveEmbedMessage,!1),l.addEventListener(\"DOMContentLoaded\",function(){for(var e,t,s=l.querySelectorAll(\"iframe.wp-embedded-content\"),r=0;r<s.length;r++)(t=(e=s[r]).getAttribute(\"data-secret\"))||(t=Math.random().toString(36).substring(2,12),e.src+=\"#?secret=\"+t,e.setAttribute(\"data-secret\",t)),e.contentWindow.postMessage({message:\"ready\",secret:t},\"*\")},!1)))}(window,document);\n\/\/# sourceURL=https:\/\/akunq.net\/turkish\/wp-includes\/js\/wp-embed.min.js\n<\/script>\n","description":"1915 felaketinde Almanya\u2019n\u0131n rol\u00fc \u00fczerine ara\u015ft\u0131rmalar yapan Lepsius Evi\u2019nden bir heyet ge\u00e7en hafta \u0130stanbul\u2019da baz\u0131 temaslarda bulundu. Osmanl\u0131 \u0130mparatorlu\u011fu\u2019nda 1915\u2019te Ermenilerin ya\u015fad\u0131\u011f\u0131 \u201cB\u00fcy\u00fck Felaket\u201d ve bu felakette Almanya\u2019n\u0131n rol\u00fc \u00fczerine \u00e7al\u0131\u015fmalar y\u00fcr\u00fcten Lepsius Evi\u2019nden bir heyet ge\u00e7en hafta \u0130stanbul\u2019a gelerek baz\u0131 temaslarda bulundu. Heyetin Ba\u015fkan\u0131 Alman Protestan Kilisesi\u2019nin eski ba\u015fkan\u0131 ve eski ba\u015fepikoposu Prof. Dr. [&hellip;]"}