{"version":"1.0","provider_name":"Bati Ermenistan Ve Bati Ermenileri Sorunlari Ara\u015ftirmalar Merkezi","provider_url":"https:\/\/akunq.net\/turkish","author_name":"kalem","author_url":"https:\/\/akunq.net\/turkish\/author\/kalem\/","title":"\u0130\u015fte a\u00e7\u0131l\u0131m yarg\u0131s\u0131 - Bati Ermenistan Ve Bati Ermenileri Sorunlari Ara\u015ftirmalar Merkezi","type":"rich","width":600,"height":338,"html":"<blockquote class=\"wp-embedded-content\" data-secret=\"f1uGeGY7qB\"><a href=\"https:\/\/akunq.net\/turkish\/2010\/05\/27\/iste-acilim-yargisi\/\">\u0130\u015fte a\u00e7\u0131l\u0131m yarg\u0131s\u0131<\/a><\/blockquote><iframe sandbox=\"allow-scripts\" security=\"restricted\" src=\"https:\/\/akunq.net\/turkish\/2010\/05\/27\/iste-acilim-yargisi\/embed\/#?secret=f1uGeGY7qB\" width=\"600\" height=\"338\" title=\"&#8220;\u0130\u015fte a\u00e7\u0131l\u0131m yarg\u0131s\u0131&#8221; &#8212; Bati Ermenistan Ve Bati Ermenileri Sorunlari Ara\u015ftirmalar Merkezi\" data-secret=\"f1uGeGY7qB\" frameborder=\"0\" marginwidth=\"0\" marginheight=\"0\" scrolling=\"no\" class=\"wp-embedded-content\"><\/iframe><script>\n\/*! This file is auto-generated *\/\n!function(d,l){\"use strict\";l.querySelector&&d.addEventListener&&\"undefined\"!=typeof URL&&(d.wp=d.wp||{},d.wp.receiveEmbedMessage||(d.wp.receiveEmbedMessage=function(e){var t=e.data;if((t||t.secret||t.message||t.value)&&!\/[^a-zA-Z0-9]\/.test(t.secret)){for(var s,r,n,a=l.querySelectorAll('iframe[data-secret=\"'+t.secret+'\"]'),o=l.querySelectorAll('blockquote[data-secret=\"'+t.secret+'\"]'),c=new RegExp(\"^https?:$\",\"i\"),i=0;i<o.length;i++)o[i].style.display=\"none\";for(i=0;i<a.length;i++)s=a[i],e.source===s.contentWindow&&(s.removeAttribute(\"style\"),\"height\"===t.message?(1e3<(r=parseInt(t.value,10))?r=1e3:~~r<200&&(r=200),s.height=r):\"link\"===t.message&&(r=new URL(s.getAttribute(\"src\")),n=new URL(t.value),c.test(n.protocol))&&n.host===r.host&&l.activeElement===s&&(d.top.location.href=t.value))}},d.addEventListener(\"message\",d.wp.receiveEmbedMessage,!1),l.addEventListener(\"DOMContentLoaded\",function(){for(var e,t,s=l.querySelectorAll(\"iframe.wp-embedded-content\"),r=0;r<s.length;r++)(t=(e=s[r]).getAttribute(\"data-secret\"))||(t=Math.random().toString(36).substring(2,12),e.src+=\"#?secret=\"+t,e.setAttribute(\"data-secret\",t)),e.contentWindow.postMessage({message:\"ready\",secret:t},\"*\")},!1)))}(window,document);\n\/\/# sourceURL=https:\/\/akunq.net\/turkish\/wp-includes\/js\/wp-embed.min.js\n<\/script>\n","description":"\u00d6calan\u2019\u0131n eski avukat\u0131 Medeni Ayhan, \u201cErmeniler\u2019e soyk\u0131r\u0131m yap\u0131ld\u0131\u201d s\u00f6z\u00fcnden beraat etti. Ayhan\u2019\u0131n \u201cAlevi soyk\u0131r\u0131m\u0131\u201d ifadesine de Adalet Bakanl\u0131\u011f\u0131 soru\u015fturma izni vermedi. Yarg\u0131 ve siyasetten son 15 g\u00fcnde \u00e7\u0131kan iki karar, a\u00e7\u0131l\u0131m s\u00f6ylemlerinin devletin kurumlar\u0131ndaki yerle\u015fik alg\u0131lamalar\u0131, d\u00fc\u015f\u00fcnce \u00f6zg\u00fcrl\u00fc\u011f\u00fcnden yana de\u011fi\u015ftirdi\u011fini g\u00f6sterdi. Yarg\u0131, Genelkurmay&#8217;\u0131n su\u00e7 duyurusuyla a\u00e7\u0131lan davada Avukat Medeni Ayhan&#8217;\u0131n &#8220;Ermenilere soyk\u0131r\u0131m yap\u0131lm\u0131\u015ft\u0131r&#8221; s\u00f6zlerine beraat [&hellip;]"}