{"version":"1.0","provider_name":"Bati Ermenistan Ve Bati Ermenileri Sorunlari Ara\u015ftirmalar Merkezi","provider_url":"https:\/\/akunq.net\/turkish","author_name":"kalem","author_url":"https:\/\/akunq.net\/turkish\/author\/kalem\/","title":"Yabanc\u0131 soyad talebi Y\u00fcce Mahkeme\u2019de - Bati Ermenistan Ve Bati Ermenileri Sorunlari Ara\u015ftirmalar Merkezi","type":"rich","width":600,"height":338,"html":"<blockquote class=\"wp-embedded-content\" data-secret=\"bGkJdxPNPU\"><a href=\"https:\/\/akunq.net\/turkish\/2010\/05\/18\/yabanci-soyad-talebi-yuce-mahkemede\/\">Yabanc\u0131 soyad talebi Y\u00fcce Mahkeme\u2019de<\/a><\/blockquote><iframe sandbox=\"allow-scripts\" security=\"restricted\" src=\"https:\/\/akunq.net\/turkish\/2010\/05\/18\/yabanci-soyad-talebi-yuce-mahkemede\/embed\/#?secret=bGkJdxPNPU\" width=\"600\" height=\"338\" title=\"&#8220;Yabanc\u0131 soyad talebi Y\u00fcce Mahkeme\u2019de&#8221; &#8212; Bati Ermenistan Ve Bati Ermenileri Sorunlari Ara\u015ftirmalar Merkezi\" data-secret=\"bGkJdxPNPU\" frameborder=\"0\" marginwidth=\"0\" marginheight=\"0\" scrolling=\"no\" class=\"wp-embedded-content\"><\/iframe><script>\n\/*! This file is auto-generated *\/\n!function(d,l){\"use strict\";l.querySelector&&d.addEventListener&&\"undefined\"!=typeof URL&&(d.wp=d.wp||{},d.wp.receiveEmbedMessage||(d.wp.receiveEmbedMessage=function(e){var t=e.data;if((t||t.secret||t.message||t.value)&&!\/[^a-zA-Z0-9]\/.test(t.secret)){for(var s,r,n,a=l.querySelectorAll('iframe[data-secret=\"'+t.secret+'\"]'),o=l.querySelectorAll('blockquote[data-secret=\"'+t.secret+'\"]'),c=new RegExp(\"^https?:$\",\"i\"),i=0;i<o.length;i++)o[i].style.display=\"none\";for(i=0;i<a.length;i++)s=a[i],e.source===s.contentWindow&&(s.removeAttribute(\"style\"),\"height\"===t.message?(1e3<(r=parseInt(t.value,10))?r=1e3:~~r<200&&(r=200),s.height=r):\"link\"===t.message&&(r=new URL(s.getAttribute(\"src\")),n=new URL(t.value),c.test(n.protocol))&&n.host===r.host&&l.activeElement===s&&(d.top.location.href=t.value))}},d.addEventListener(\"message\",d.wp.receiveEmbedMessage,!1),l.addEventListener(\"DOMContentLoaded\",function(){for(var e,t,s=l.querySelectorAll(\"iframe.wp-embedded-content\"),r=0;r<s.length;r++)(t=(e=s[r]).getAttribute(\"data-secret\"))||(t=Math.random().toString(36).substring(2,12),e.src+=\"#?secret=\"+t,e.setAttribute(\"data-secret\",t)),e.contentWindow.postMessage({message:\"ready\",secret:t},\"*\")},!1)))}(window,document);\n\/\/# sourceURL=https:\/\/akunq.net\/turkish\/wp-includes\/js\/wp-embed.min.js\n<\/script>\n","description":"Midyat Asliye Hukuk Mahkemesi, yabanc\u0131 \u0131rk ve millet isimlerinin de soyismi olarak kullan\u0131labilmesi i\u00e7in Anayasa Mahkemesi\u2019ne ba\u015fvurdu. Y\u00fcksek Mahkeme\u2019den vize \u00e7\u0131karsa K\u00fcrt\u00e7e, S\u00fcryanice, Ermenice, Arap\u00e7a gibi diller \u00fczerindeki soyisim yasa\u011f\u0131 ortadan kalkacak. Mardin Midyat\u2019ta ya\u015fayan S\u00fcryani vatanda\u015f F.A., soyismini S\u00fcryanice\u2019de \u201cTuma ailesi\u201d anlam\u0131na gelen \u201cBartuma\u201d olarak de\u011fi\u015ftirmek istedi. Ancak talebi N\u00fcfus M\u00fcd\u00fcrl\u00fc\u011f\u00fc\u2019nce reddedildi. F.A., bunun [&hellip;]"}