{"version":"1.0","provider_name":"Bati Ermenistan Ve Bati Ermenileri Sorunlari Ara\u015ftirmalar Merkezi","provider_url":"https:\/\/akunq.net\/turkish","author_name":"kalem","author_url":"https:\/\/akunq.net\/turkish\/author\/kalem\/","title":"SINIRIN A\u00c7ILMASI DURUMUNDA ER\u0130VAN\u2019DAN VAN\u2019A 2.5 SAAT - Bati Ermenistan Ve Bati Ermenileri Sorunlari Ara\u015ftirmalar Merkezi","type":"rich","width":600,"height":338,"html":"<blockquote class=\"wp-embedded-content\" data-secret=\"OlmOEut8hj\"><a href=\"https:\/\/akunq.net\/turkish\/2010\/05\/17\/sinirin-acilmasi-durumunda-erivandan-vana-2-5-saat\/\">SINIRIN A\u00c7ILMASI DURUMUNDA ER\u0130VAN\u2019DAN VAN\u2019A 2.5 SAAT<\/a><\/blockquote><iframe sandbox=\"allow-scripts\" security=\"restricted\" src=\"https:\/\/akunq.net\/turkish\/2010\/05\/17\/sinirin-acilmasi-durumunda-erivandan-vana-2-5-saat\/embed\/#?secret=OlmOEut8hj\" width=\"600\" height=\"338\" title=\"&#8220;SINIRIN A\u00c7ILMASI DURUMUNDA ER\u0130VAN\u2019DAN VAN\u2019A 2.5 SAAT&#8221; &#8212; Bati Ermenistan Ve Bati Ermenileri Sorunlari Ara\u015ftirmalar Merkezi\" data-secret=\"OlmOEut8hj\" frameborder=\"0\" marginwidth=\"0\" marginheight=\"0\" scrolling=\"no\" class=\"wp-embedded-content\"><\/iframe><script>\n\/*! This file is auto-generated *\/\n!function(d,l){\"use strict\";l.querySelector&&d.addEventListener&&\"undefined\"!=typeof URL&&(d.wp=d.wp||{},d.wp.receiveEmbedMessage||(d.wp.receiveEmbedMessage=function(e){var t=e.data;if((t||t.secret||t.message||t.value)&&!\/[^a-zA-Z0-9]\/.test(t.secret)){for(var s,r,n,a=l.querySelectorAll('iframe[data-secret=\"'+t.secret+'\"]'),o=l.querySelectorAll('blockquote[data-secret=\"'+t.secret+'\"]'),c=new RegExp(\"^https?:$\",\"i\"),i=0;i<o.length;i++)o[i].style.display=\"none\";for(i=0;i<a.length;i++)s=a[i],e.source===s.contentWindow&&(s.removeAttribute(\"style\"),\"height\"===t.message?(1e3<(r=parseInt(t.value,10))?r=1e3:~~r<200&&(r=200),s.height=r):\"link\"===t.message&&(r=new URL(s.getAttribute(\"src\")),n=new URL(t.value),c.test(n.protocol))&&n.host===r.host&&l.activeElement===s&&(d.top.location.href=t.value))}},d.addEventListener(\"message\",d.wp.receiveEmbedMessage,!1),l.addEventListener(\"DOMContentLoaded\",function(){for(var e,t,s=l.querySelectorAll(\"iframe.wp-embedded-content\"),r=0;r<s.length;r++)(t=(e=s[r]).getAttribute(\"data-secret\"))||(t=Math.random().toString(36).substring(2,12),e.src+=\"#?secret=\"+t,e.setAttribute(\"data-secret\",t)),e.contentWindow.postMessage({message:\"ready\",secret:t},\"*\")},!1)))}(window,document);\n\/\/# sourceURL=https:\/\/akunq.net\/turkish\/wp-includes\/js\/wp-embed.min.js\n<\/script>\n","description":"Ermeni ve T\u00fcrk i\u015fadamlar\u0131 benzeri temennilerde bulundular Van\u2019l\u0131 T\u00fcrk i\u015fadamlar\u0131 d\u00fcn Ermenistan Ticaret ve Sanayi Odas\u0131 (ETSO) Ermeni partn\u00f6rleriyle bir araya geldiler. ETSO B\u015fk. Arsen Ghazaryan \u2018tarihi yurdumuz Van ilinden gelen konuklar\u0131\u2019 selamlayarak, bulu\u015fman\u0131n i\u015f ba\u015flant\u0131lar\u0131n\u0131 destekleyece\u011fi y\u00f6n\u00fcnde umudunu ifade etti. Olu\u015fturulan Ermeni-T\u00fcrk \u0130\u015f Konseyi\u2019ne ili\u015fkin hat\u0131rlatmada da bulunan Ghazaryan, Konseyin her iki halk\u0131 yak\u0131nla\u015ft\u0131rmaya [&hellip;]"}