{"version":"1.0","provider_name":"Bati Ermenistan Ve Bati Ermenileri Sorunlari Ara\u015ftirmalar Merkezi","provider_url":"https:\/\/akunq.net\/turkish","author_name":"kalem","author_url":"https:\/\/akunq.net\/turkish\/author\/kalem\/","title":"Akdamar'daki ilk ayine referandum engeli - Bati Ermenistan Ve Bati Ermenileri Sorunlari Ara\u015ftirmalar Merkezi","type":"rich","width":600,"height":338,"html":"<blockquote class=\"wp-embedded-content\" data-secret=\"IfS1Tpyhbh\"><a href=\"https:\/\/akunq.net\/turkish\/2010\/05\/14\/akdamardaki-ilk-ayine-referandum-engeli\/\">Akdamar&#8217;daki ilk ayine referandum engeli<\/a><\/blockquote><iframe sandbox=\"allow-scripts\" security=\"restricted\" src=\"https:\/\/akunq.net\/turkish\/2010\/05\/14\/akdamardaki-ilk-ayine-referandum-engeli\/embed\/#?secret=IfS1Tpyhbh\" width=\"600\" height=\"338\" title=\"&#8220;Akdamar&#8217;daki ilk ayine referandum engeli&#8221; &#8212; Bati Ermenistan Ve Bati Ermenileri Sorunlari Ara\u015ftirmalar Merkezi\" data-secret=\"IfS1Tpyhbh\" frameborder=\"0\" marginwidth=\"0\" marginheight=\"0\" scrolling=\"no\" class=\"wp-embedded-content\"><\/iframe><script>\n\/*! This file is auto-generated *\/\n!function(d,l){\"use strict\";l.querySelector&&d.addEventListener&&\"undefined\"!=typeof URL&&(d.wp=d.wp||{},d.wp.receiveEmbedMessage||(d.wp.receiveEmbedMessage=function(e){var t=e.data;if((t||t.secret||t.message||t.value)&&!\/[^a-zA-Z0-9]\/.test(t.secret)){for(var s,r,n,a=l.querySelectorAll('iframe[data-secret=\"'+t.secret+'\"]'),o=l.querySelectorAll('blockquote[data-secret=\"'+t.secret+'\"]'),c=new RegExp(\"^https?:$\",\"i\"),i=0;i<o.length;i++)o[i].style.display=\"none\";for(i=0;i<a.length;i++)s=a[i],e.source===s.contentWindow&&(s.removeAttribute(\"style\"),\"height\"===t.message?(1e3<(r=parseInt(t.value,10))?r=1e3:~~r<200&&(r=200),s.height=r):\"link\"===t.message&&(r=new URL(s.getAttribute(\"src\")),n=new URL(t.value),c.test(n.protocol))&&n.host===r.host&&l.activeElement===s&&(d.top.location.href=t.value))}},d.addEventListener(\"message\",d.wp.receiveEmbedMessage,!1),l.addEventListener(\"DOMContentLoaded\",function(){for(var e,t,s=l.querySelectorAll(\"iframe.wp-embedded-content\"),r=0;r<s.length;r++)(t=(e=s[r]).getAttribute(\"data-secret\"))||(t=Math.random().toString(36).substring(2,12),e.src+=\"#?secret=\"+t,e.setAttribute(\"data-secret\",t)),e.contentWindow.postMessage({message:\"ready\",secret:t},\"*\")},!1)))}(window,document);\n\/\/# sourceURL=https:\/\/akunq.net\/turkish\/wp-includes\/js\/wp-embed.min.js\n<\/script>\n","description":"Y\u00dcKSEK Se\u00e7im Kurulu&#8217;nun (YSK) anayasa de\u011fi\u015fikli\u011fi paketiyle ilgili referandumun 12 Eyl\u00fcl Pazar g\u00fcn\u00fc yap\u0131lmas\u0131n\u0131 oybirli\u011fiyle kararla\u015ft\u0131r\u0131lmas\u0131, Van&#8217;da Akdamar Kilisesi&#8217;nde Ermeniler taraf\u0131ndan yaplacak ilk ayini tehlikeye soktu. Van Valisi M\u00fcnir Karalo\u011flu, ayinin bir hafta sonra yap\u0131labilmesi i\u00e7in Ermeni cemaati liderleriyle g\u00f6r\u00fc\u015fece\u011fini s\u00f6yledi. \u0130badete a\u00e7\u0131l\u0131p, a\u00e7\u0131lmamas\u0131 tart\u0131\u015fma konusu olan ve yap\u0131lan \u00e7al\u0131\u015fmalar sonras\u0131 da ibadete a\u00e7\u0131lmas\u0131 kararla\u015ft\u0131r\u0131lan [&hellip;]"}