{"version":"1.0","provider_name":"Bati Ermenistan Ve Bati Ermenileri Sorunlari Ara\u015ftirmalar Merkezi","provider_url":"https:\/\/akunq.net\/turkish","author_name":"kalem","author_url":"https:\/\/akunq.net\/turkish\/author\/kalem\/","title":"Beklenen kitap okuyucular\u0131yla bulu\u015fuyor - Bati Ermenistan Ve Bati Ermenileri Sorunlari Ara\u015ftirmalar Merkezi","type":"rich","width":600,"height":338,"html":"<blockquote class=\"wp-embedded-content\" data-secret=\"qaMp5vzyw9\"><a href=\"https:\/\/akunq.net\/turkish\/2010\/05\/13\/beklenen-kitap-okuyuculariyla-bulusuyor\/\">Beklenen kitap okuyucular\u0131yla bulu\u015fuyor<\/a><\/blockquote><iframe sandbox=\"allow-scripts\" security=\"restricted\" src=\"https:\/\/akunq.net\/turkish\/2010\/05\/13\/beklenen-kitap-okuyuculariyla-bulusuyor\/embed\/#?secret=qaMp5vzyw9\" width=\"600\" height=\"338\" title=\"&#8220;Beklenen kitap okuyucular\u0131yla bulu\u015fuyor&#8221; &#8212; Bati Ermenistan Ve Bati Ermenileri Sorunlari Ara\u015ftirmalar Merkezi\" data-secret=\"qaMp5vzyw9\" frameborder=\"0\" marginwidth=\"0\" marginheight=\"0\" scrolling=\"no\" class=\"wp-embedded-content\"><\/iframe><script>\n\/*! This file is auto-generated *\/\n!function(d,l){\"use strict\";l.querySelector&&d.addEventListener&&\"undefined\"!=typeof URL&&(d.wp=d.wp||{},d.wp.receiveEmbedMessage||(d.wp.receiveEmbedMessage=function(e){var t=e.data;if((t||t.secret||t.message||t.value)&&!\/[^a-zA-Z0-9]\/.test(t.secret)){for(var s,r,n,a=l.querySelectorAll('iframe[data-secret=\"'+t.secret+'\"]'),o=l.querySelectorAll('blockquote[data-secret=\"'+t.secret+'\"]'),c=new RegExp(\"^https?:$\",\"i\"),i=0;i<o.length;i++)o[i].style.display=\"none\";for(i=0;i<a.length;i++)s=a[i],e.source===s.contentWindow&&(s.removeAttribute(\"style\"),\"height\"===t.message?(1e3<(r=parseInt(t.value,10))?r=1e3:~~r<200&&(r=200),s.height=r):\"link\"===t.message&&(r=new URL(s.getAttribute(\"src\")),n=new URL(t.value),c.test(n.protocol))&&n.host===r.host&&l.activeElement===s&&(d.top.location.href=t.value))}},d.addEventListener(\"message\",d.wp.receiveEmbedMessage,!1),l.addEventListener(\"DOMContentLoaded\",function(){for(var e,t,s=l.querySelectorAll(\"iframe.wp-embedded-content\"),r=0;r<s.length;r++)(t=(e=s[r]).getAttribute(\"data-secret\"))||(t=Math.random().toString(36).substring(2,12),e.src+=\"#?secret=\"+t,e.setAttribute(\"data-secret\",t)),e.contentWindow.postMessage({message:\"ready\",secret:t},\"*\")},!1)))}(window,document);\n\/\/# sourceURL=https:\/\/akunq.net\/turkish\/wp-includes\/js\/wp-embed.min.js\n<\/script>\n","description":"Ara\u015ft\u0131rmac\u0131-Yazar Kemal Yal\u00e7\u0131n\u2019dan yine \u00e7ok okunacak s\u00f6zl\u00fc tarih \u00e7al\u0131\u015fmas\u0131. Otuz alt\u0131 Anadolu evlad\u0131n\u0131n ger\u00e7ek hik\u00e2yesi. Anadolu\u2019nun Evlatlar\u0131-Y\u00fcz Y\u0131l\u0131n Tan\u0131klar\u0131, son y\u00fczy\u0131lda, Anadolu\u2019dan, T\u00fcrkiye\u2019den ayr\u0131lan, ayr\u0131lmak zorunda b\u0131rak\u0131larak d\u00fcnyan\u0131n d\u00f6rt bir yan\u0131na savrulan K\u00fcrt, T\u00fcrk, Rum, Ermeni, Arap, Laz, Zaza, S\u00fcryani, Alevi insanlardan otuz alt\u0131s\u0131n\u0131n ger\u00e7ek hayat hik\u00e2yelerinden olu\u015fmaktad\u0131r. Onlar Anadolu\u2019yu, do\u011fdu\u011fu topraklar\u0131 bir daha hi\u00e7 [&hellip;]"}