{"version":"1.0","provider_name":"Bati Ermenistan Ve Bati Ermenileri Sorunlari Ara\u015ftirmalar Merkezi","provider_url":"https:\/\/akunq.net\/turkish","author_name":"kalem","author_url":"https:\/\/akunq.net\/turkish\/author\/kalem\/","title":"Ba\u015fbakanl\u0131ktan az\u0131nl\u0131k genelgesi - Bati Ermenistan Ve Bati Ermenileri Sorunlari Ara\u015ftirmalar Merkezi","type":"rich","width":600,"height":338,"html":"<blockquote class=\"wp-embedded-content\" data-secret=\"Bexc7hnLfP\"><a href=\"https:\/\/akunq.net\/turkish\/2010\/05\/13\/basbakanliktan-azinlik-genelgesi\/\">Ba\u015fbakanl\u0131ktan az\u0131nl\u0131k genelgesi<\/a><\/blockquote><iframe sandbox=\"allow-scripts\" security=\"restricted\" src=\"https:\/\/akunq.net\/turkish\/2010\/05\/13\/basbakanliktan-azinlik-genelgesi\/embed\/#?secret=Bexc7hnLfP\" width=\"600\" height=\"338\" title=\"&#8220;Ba\u015fbakanl\u0131ktan az\u0131nl\u0131k genelgesi&#8221; &#8212; Bati Ermenistan Ve Bati Ermenileri Sorunlari Ara\u015ftirmalar Merkezi\" data-secret=\"Bexc7hnLfP\" frameborder=\"0\" marginwidth=\"0\" marginheight=\"0\" scrolling=\"no\" class=\"wp-embedded-content\"><\/iframe><script>\n\/*! This file is auto-generated *\/\n!function(d,l){\"use strict\";l.querySelector&&d.addEventListener&&\"undefined\"!=typeof URL&&(d.wp=d.wp||{},d.wp.receiveEmbedMessage||(d.wp.receiveEmbedMessage=function(e){var t=e.data;if((t||t.secret||t.message||t.value)&&!\/[^a-zA-Z0-9]\/.test(t.secret)){for(var s,r,n,a=l.querySelectorAll('iframe[data-secret=\"'+t.secret+'\"]'),o=l.querySelectorAll('blockquote[data-secret=\"'+t.secret+'\"]'),c=new RegExp(\"^https?:$\",\"i\"),i=0;i<o.length;i++)o[i].style.display=\"none\";for(i=0;i<a.length;i++)s=a[i],e.source===s.contentWindow&&(s.removeAttribute(\"style\"),\"height\"===t.message?(1e3<(r=parseInt(t.value,10))?r=1e3:~~r<200&&(r=200),s.height=r):\"link\"===t.message&&(r=new URL(s.getAttribute(\"src\")),n=new URL(t.value),c.test(n.protocol))&&n.host===r.host&&l.activeElement===s&&(d.top.location.href=t.value))}},d.addEventListener(\"message\",d.wp.receiveEmbedMessage,!1),l.addEventListener(\"DOMContentLoaded\",function(){for(var e,t,s=l.querySelectorAll(\"iframe.wp-embedded-content\"),r=0;r<s.length;r++)(t=(e=s[r]).getAttribute(\"data-secret\"))||(t=Math.random().toString(36).substring(2,12),e.src+=\"#?secret=\"+t,e.setAttribute(\"data-secret\",t)),e.contentWindow.postMessage({message:\"ready\",secret:t},\"*\")},!1)))}(window,document);\n\/\/# sourceURL=https:\/\/akunq.net\/turkish\/wp-includes\/js\/wp-embed.min.js\n<\/script>\n","description":"Ba\u015fbakan Recep Tayyip Erdo\u011fan, T\u00fcrkiye&#8217;de ya\u015fayan gayrim\u00fcslim az\u0131nl\u0131klara mensup T\u00fcrk vatanda\u015flar\u0131n\u0131n, devlet \u00f6n\u00fcndeki i\u015f ve i\u015flemlerinde kendilerine g\u00fc\u00e7l\u00fck \u00e7\u0131kar\u0131lmamas\u0131n\u0131n, haklar\u0131na halel getirilmemesinin mevzuat gere\u011fi oldu\u011funu belirterek, bu vatanda\u015flar\u0131n devletin ve T\u00fcrk ulusunun bir par\u00e7as\u0131 olduklar\u0131n\u0131n kendilerine hissettirilmesi a\u00e7\u0131s\u0131ndan da b\u00fcy\u00fck \u00f6nem ta\u015f\u0131d\u0131\u011f\u0131n\u0131 vurgulad\u0131. Ba\u015fbakan Erdo\u011fan, T\u00fcrkiye&#8217;deki az\u0131nl\u0131k vatanda\u015flara ili\u015fkin genelge yay\u0131mlad\u0131. Genelge, Resmi Gazete&#8217;nin bug\u00fcnk\u00fc [&hellip;]"}