{"version":"1.0","provider_name":"Bati Ermenistan Ve Bati Ermenileri Sorunlari Ara\u015ftirmalar Merkezi","provider_url":"https:\/\/akunq.net\/turkish","author_name":"kalem","author_url":"https:\/\/akunq.net\/turkish\/author\/kalem\/","title":"Tarih Tahrip Ediliyor - Bati Ermenistan Ve Bati Ermenileri Sorunlari Ara\u015ftirmalar Merkezi","type":"rich","width":600,"height":338,"html":"<blockquote class=\"wp-embedded-content\" data-secret=\"8y3irnlWzh\"><a href=\"https:\/\/akunq.net\/turkish\/2010\/05\/11\/tarih-tahrip-ediliyor\/\">Tarih Tahrip Ediliyor<\/a><\/blockquote><iframe sandbox=\"allow-scripts\" security=\"restricted\" src=\"https:\/\/akunq.net\/turkish\/2010\/05\/11\/tarih-tahrip-ediliyor\/embed\/#?secret=8y3irnlWzh\" width=\"600\" height=\"338\" title=\"&#8220;Tarih Tahrip Ediliyor&#8221; &#8212; Bati Ermenistan Ve Bati Ermenileri Sorunlari Ara\u015ftirmalar Merkezi\" data-secret=\"8y3irnlWzh\" frameborder=\"0\" marginwidth=\"0\" marginheight=\"0\" scrolling=\"no\" class=\"wp-embedded-content\"><\/iframe><script>\n\/*! This file is auto-generated *\/\n!function(d,l){\"use strict\";l.querySelector&&d.addEventListener&&\"undefined\"!=typeof URL&&(d.wp=d.wp||{},d.wp.receiveEmbedMessage||(d.wp.receiveEmbedMessage=function(e){var t=e.data;if((t||t.secret||t.message||t.value)&&!\/[^a-zA-Z0-9]\/.test(t.secret)){for(var s,r,n,a=l.querySelectorAll('iframe[data-secret=\"'+t.secret+'\"]'),o=l.querySelectorAll('blockquote[data-secret=\"'+t.secret+'\"]'),c=new RegExp(\"^https?:$\",\"i\"),i=0;i<o.length;i++)o[i].style.display=\"none\";for(i=0;i<a.length;i++)s=a[i],e.source===s.contentWindow&&(s.removeAttribute(\"style\"),\"height\"===t.message?(1e3<(r=parseInt(t.value,10))?r=1e3:~~r<200&&(r=200),s.height=r):\"link\"===t.message&&(r=new URL(s.getAttribute(\"src\")),n=new URL(t.value),c.test(n.protocol))&&n.host===r.host&&l.activeElement===s&&(d.top.location.href=t.value))}},d.addEventListener(\"message\",d.wp.receiveEmbedMessage,!1),l.addEventListener(\"DOMContentLoaded\",function(){for(var e,t,s=l.querySelectorAll(\"iframe.wp-embedded-content\"),r=0;r<s.length;r++)(t=(e=s[r]).getAttribute(\"data-secret\"))||(t=Math.random().toString(36).substring(2,12),e.src+=\"#?secret=\"+t,e.setAttribute(\"data-secret\",t)),e.contentWindow.postMessage({message:\"ready\",secret:t},\"*\")},!1)))}(window,document);\n\/\/# sourceURL=https:\/\/akunq.net\/turkish\/wp-includes\/js\/wp-embed.min.js\n<\/script>\n","description":"\u00a0Kilisede \u00e7\u00f6p ve tezek y\u0131\u011f\u0131n\u0131 T\u00fcrkiye\u2019nin Van ili G\u00fcrp\u0131nar il\u00e7esine ba\u011fl\u0131 Mej\u00eengir k\u00f6y\u00fcnde bulunan ve hazine avc\u0131lar\u0131 taraf\u0131ndan tamamen y\u0131k\u0131lan 2 Ermeni kilisesinden biri \u00e7\u00f6p ve tezek yeri olarak kullan\u0131l\u0131rken, bir kilisenin de yerine cami in\u015fa edildi. Derin \u00e7ukurlar a\u00e7\u0131larak tamamen kaz\u0131lan k\u00f6y\u00fcn d\u0131\u015f\u0131ndaki Ermeni mezarl\u0131\u011f\u0131nda da sadece \u00fczerinde eski yaz\u0131lar olan birka\u00e7 par\u00e7a ta\u015f [&hellip;]"}