{"version":"1.0","provider_name":"Bati Ermenistan Ve Bati Ermenileri Sorunlari Ara\u015ftirmalar Merkezi","provider_url":"https:\/\/akunq.net\/turkish","author_name":"kalem","author_url":"https:\/\/akunq.net\/turkish\/author\/kalem\/","title":"Akdamar\u2019daki ayin d\u00fcnyaya \u00f6rnek olacak - Bati Ermenistan Ve Bati Ermenileri Sorunlari Ara\u015ftirmalar Merkezi","type":"rich","width":600,"height":338,"html":"<blockquote class=\"wp-embedded-content\" data-secret=\"krvsT7hklg\"><a href=\"https:\/\/akunq.net\/turkish\/2010\/05\/06\/akdamardaki-ayin-dunyaya-ornek-olacak\/\">Akdamar\u2019daki ayin d\u00fcnyaya \u00f6rnek olacak<\/a><\/blockquote><iframe sandbox=\"allow-scripts\" security=\"restricted\" src=\"https:\/\/akunq.net\/turkish\/2010\/05\/06\/akdamardaki-ayin-dunyaya-ornek-olacak\/embed\/#?secret=krvsT7hklg\" width=\"600\" height=\"338\" title=\"&#8220;Akdamar\u2019daki ayin d\u00fcnyaya \u00f6rnek olacak&#8221; &#8212; Bati Ermenistan Ve Bati Ermenileri Sorunlari Ara\u015ftirmalar Merkezi\" data-secret=\"krvsT7hklg\" frameborder=\"0\" marginwidth=\"0\" marginheight=\"0\" scrolling=\"no\" class=\"wp-embedded-content\"><\/iframe><script>\n\/*! This file is auto-generated *\/\n!function(d,l){\"use strict\";l.querySelector&&d.addEventListener&&\"undefined\"!=typeof URL&&(d.wp=d.wp||{},d.wp.receiveEmbedMessage||(d.wp.receiveEmbedMessage=function(e){var t=e.data;if((t||t.secret||t.message||t.value)&&!\/[^a-zA-Z0-9]\/.test(t.secret)){for(var s,r,n,a=l.querySelectorAll('iframe[data-secret=\"'+t.secret+'\"]'),o=l.querySelectorAll('blockquote[data-secret=\"'+t.secret+'\"]'),c=new RegExp(\"^https?:$\",\"i\"),i=0;i<o.length;i++)o[i].style.display=\"none\";for(i=0;i<a.length;i++)s=a[i],e.source===s.contentWindow&&(s.removeAttribute(\"style\"),\"height\"===t.message?(1e3<(r=parseInt(t.value,10))?r=1e3:~~r<200&&(r=200),s.height=r):\"link\"===t.message&&(r=new URL(s.getAttribute(\"src\")),n=new URL(t.value),c.test(n.protocol))&&n.host===r.host&&l.activeElement===s&&(d.top.location.href=t.value))}},d.addEventListener(\"message\",d.wp.receiveEmbedMessage,!1),l.addEventListener(\"DOMContentLoaded\",function(){for(var e,t,s=l.querySelectorAll(\"iframe.wp-embedded-content\"),r=0;r<s.length;r++)(t=(e=s[r]).getAttribute(\"data-secret\"))||(t=Math.random().toString(36).substring(2,12),e.src+=\"#?secret=\"+t,e.setAttribute(\"data-secret\",t)),e.contentWindow.postMessage({message:\"ready\",secret:t},\"*\")},!1)))}(window,document);\n\/\/# sourceURL=https:\/\/akunq.net\/turkish\/wp-includes\/js\/wp-embed.min.js\n<\/script>\n","description":"T\u00fcrkiye Ermenileri Patrikli\u011fi Ruhani Kurul Ba\u015fkan\u0131 Ate\u015fyan, 12 Eyl\u00fcl\u2019de Van\u2019\u0131n Akdamar Adas\u0131\u2019ndaki Surp Ha\u00e7 Kilisesi\u2019nde d\u00fczenlenecek ayin i\u00e7in konuk say\u0131s\u0131nda s\u0131n\u0131rlama olmayaca\u011f\u0131n\u0131 m\u00fcjdeleyip ekledi: D\u00fcnyaya \u00f6rnek olacak bir ayin ve \u015fenlik d\u00fczenleyece\u011fiz. PATR\u0130K Mesrob II\u2019nin rahats\u0131zl\u0131\u011f\u0131ndan sonra cemaatin en yetkili ki\u015fisi olan T\u00fcrkiye Ermenileri Ruhani Meclis Ba\u015fkan\u0131 Aram Ate\u015fyan, Van\u2019\u0131n Akdamar Adas\u0131\u2019ndaki Surp Ha\u00e7 Kilisesi\u2019nde [&hellip;]"}