{"version":"1.0","provider_name":"Bati Ermenistan Ve Bati Ermenileri Sorunlari Ara\u015ftirmalar Merkezi","provider_url":"https:\/\/akunq.net\/turkish","author_name":"kalem","author_url":"https:\/\/akunq.net\/turkish\/author\/kalem\/","title":"\u0130HD'ye 'y\u00fczlerce' tehdit - Bati Ermenistan Ve Bati Ermenileri Sorunlari Ara\u015ftirmalar Merkezi","type":"rich","width":600,"height":338,"html":"<blockquote class=\"wp-embedded-content\" data-secret=\"CnSmvwP4Zh\"><a href=\"https:\/\/akunq.net\/turkish\/2010\/04\/28\/ihdye-yuzlerce-tehdit\/\">\u0130HD&#8217;ye &#8216;y\u00fczlerce&#8217; tehdit<\/a><\/blockquote><iframe sandbox=\"allow-scripts\" security=\"restricted\" src=\"https:\/\/akunq.net\/turkish\/2010\/04\/28\/ihdye-yuzlerce-tehdit\/embed\/#?secret=CnSmvwP4Zh\" width=\"600\" height=\"338\" title=\"&#8220;\u0130HD&#8217;ye &#8216;y\u00fczlerce&#8217; tehdit&#8221; &#8212; Bati Ermenistan Ve Bati Ermenileri Sorunlari Ara\u015ftirmalar Merkezi\" data-secret=\"CnSmvwP4Zh\" frameborder=\"0\" marginwidth=\"0\" marginheight=\"0\" scrolling=\"no\" class=\"wp-embedded-content\"><\/iframe><script>\n\/*! This file is auto-generated *\/\n!function(d,l){\"use strict\";l.querySelector&&d.addEventListener&&\"undefined\"!=typeof URL&&(d.wp=d.wp||{},d.wp.receiveEmbedMessage||(d.wp.receiveEmbedMessage=function(e){var t=e.data;if((t||t.secret||t.message||t.value)&&!\/[^a-zA-Z0-9]\/.test(t.secret)){for(var s,r,n,a=l.querySelectorAll('iframe[data-secret=\"'+t.secret+'\"]'),o=l.querySelectorAll('blockquote[data-secret=\"'+t.secret+'\"]'),c=new RegExp(\"^https?:$\",\"i\"),i=0;i<o.length;i++)o[i].style.display=\"none\";for(i=0;i<a.length;i++)s=a[i],e.source===s.contentWindow&&(s.removeAttribute(\"style\"),\"height\"===t.message?(1e3<(r=parseInt(t.value,10))?r=1e3:~~r<200&&(r=200),s.height=r):\"link\"===t.message&&(r=new URL(s.getAttribute(\"src\")),n=new URL(t.value),c.test(n.protocol))&&n.host===r.host&&l.activeElement===s&&(d.top.location.href=t.value))}},d.addEventListener(\"message\",d.wp.receiveEmbedMessage,!1),l.addEventListener(\"DOMContentLoaded\",function(){for(var e,t,s=l.querySelectorAll(\"iframe.wp-embedded-content\"),r=0;r<s.length;r++)(t=(e=s[r]).getAttribute(\"data-secret\"))||(t=Math.random().toString(36).substring(2,12),e.src+=\"#?secret=\"+t,e.setAttribute(\"data-secret\",t)),e.contentWindow.postMessage({message:\"ready\",secret:t},\"*\")},!1)))}(window,document);\n\/\/# sourceURL=https:\/\/akunq.net\/turkish\/wp-includes\/js\/wp-embed.min.js\n<\/script>\n","description":"T\u00fcrkiye\u2019nin en \u00f6nemli insan haklar\u0131 savunucusu olan \u0130nsan Haklar\u0131 Derne\u011fi (\u0130HD) 95. y\u0131l\u0131nda Ermeni soyk\u0131r\u0131m\u0131n\u0131 protesto etmek ve hayat\u0131n\u0131 kaybedenleri anmak i\u00e7in d\u00fczenledi\u011fi eylemin ard\u0131ndan tehditlere hedef oldu. Derne\u011fin mail adresine gelen y\u00fczlerce mail ve telefonlarla y\u00f6neticiler tehdit ediliyor. \u0130HD y\u00f6neticileri mahkemeye vermeye haz\u0131rlan\u0131yor. \u0130HD\u2019nin 95. y\u0131l\u0131nda Ermeni ayd\u0131nlar\u0131n\u0131n terene bindirilerek s\u00fcrg\u00fcne g\u00f6nderilerek \u00f6ld\u00fcr\u00fclmesini protesto [&hellip;]"}