{"version":"1.0","provider_name":"Bati Ermenistan Ve Bati Ermenileri Sorunlari Ara\u015ftirmalar Merkezi","provider_url":"https:\/\/akunq.net\/turkish","author_name":"kalem","author_url":"https:\/\/akunq.net\/turkish\/author\/kalem\/","title":"Garda \u2018soyk\u0131r\u0131m\u2019 m\u00fcnazaras\u0131 - Bati Ermenistan Ve Bati Ermenileri Sorunlari Ara\u015ftirmalar Merkezi","type":"rich","width":600,"height":338,"html":"<blockquote class=\"wp-embedded-content\" data-secret=\"b3fgAiF6tG\"><a href=\"https:\/\/akunq.net\/turkish\/2010\/04\/26\/garda-soykirim-munazarasi\/\">Garda \u2018soyk\u0131r\u0131m\u2019 m\u00fcnazaras\u0131<\/a><\/blockquote><iframe sandbox=\"allow-scripts\" security=\"restricted\" src=\"https:\/\/akunq.net\/turkish\/2010\/04\/26\/garda-soykirim-munazarasi\/embed\/#?secret=b3fgAiF6tG\" width=\"600\" height=\"338\" title=\"&#8220;Garda \u2018soyk\u0131r\u0131m\u2019 m\u00fcnazaras\u0131&#8221; &#8212; Bati Ermenistan Ve Bati Ermenileri Sorunlari Ara\u015ftirmalar Merkezi\" data-secret=\"b3fgAiF6tG\" frameborder=\"0\" marginwidth=\"0\" marginheight=\"0\" scrolling=\"no\" class=\"wp-embedded-content\"><\/iframe><script>\n\/*! This file is auto-generated *\/\n!function(d,l){\"use strict\";l.querySelector&&d.addEventListener&&\"undefined\"!=typeof URL&&(d.wp=d.wp||{},d.wp.receiveEmbedMessage||(d.wp.receiveEmbedMessage=function(e){var t=e.data;if((t||t.secret||t.message||t.value)&&!\/[^a-zA-Z0-9]\/.test(t.secret)){for(var s,r,n,a=l.querySelectorAll('iframe[data-secret=\"'+t.secret+'\"]'),o=l.querySelectorAll('blockquote[data-secret=\"'+t.secret+'\"]'),c=new RegExp(\"^https?:$\",\"i\"),i=0;i<o.length;i++)o[i].style.display=\"none\";for(i=0;i<a.length;i++)s=a[i],e.source===s.contentWindow&&(s.removeAttribute(\"style\"),\"height\"===t.message?(1e3<(r=parseInt(t.value,10))?r=1e3:~~r<200&&(r=200),s.height=r):\"link\"===t.message&&(r=new URL(s.getAttribute(\"src\")),n=new URL(t.value),c.test(n.protocol))&&n.host===r.host&&l.activeElement===s&&(d.top.location.href=t.value))}},d.addEventListener(\"message\",d.wp.receiveEmbedMessage,!1),l.addEventListener(\"DOMContentLoaded\",function(){for(var e,t,s=l.querySelectorAll(\"iframe.wp-embedded-content\"),r=0;r<s.length;r++)(t=(e=s[r]).getAttribute(\"data-secret\"))||(t=Math.random().toString(36).substring(2,12),e.src+=\"#?secret=\"+t,e.setAttribute(\"data-secret\",t)),e.contentWindow.postMessage({message:\"ready\",secret:t},\"*\")},!1)))}(window,document);\n\/\/# sourceURL=https:\/\/akunq.net\/turkish\/wp-includes\/js\/wp-embed.min.js\n<\/script>\n","description":"\u0130HD, \u20181915\u2019te 220 Ermeni ayd\u0131n katledildi\u2019 iddias\u0131nda bulundu. Emekli diplomatlar ile \u0130HD\u2019liler aras\u0131nda s\u00f6zl\u00fc at\u0131\u015fma ya\u015fand\u0131. \u0130nsan Haklar\u0131 Derne\u011fi (\u0130HD) \u00fcyesi bir grup, Haydarpa\u015fa Gar\u0131\u2019nda, 24 Nisan 1915\u2019te meydana geldi\u011fi iddia edilen olaylar\u0131 protesto etmek amac\u0131yla oturma eylemi yapt\u0131. Gar\u0131n giri\u015finde toplanan \u2018\u2019\u0130HD \u0130stanbul \u015eubesi Irk\u00e7\u0131l\u0131k ve Ayr\u0131mc\u0131l\u0131\u011fa Kar\u015f\u0131 Komisyon\u2019\u2019 \u00fcyesi grup, 24 Nisan 1915\u2019de [&hellip;]"}