{"version":"1.0","provider_name":"Bati Ermenistan Ve Bati Ermenileri Sorunlari Ara\u015ftirmalar Merkezi","provider_url":"https:\/\/akunq.net\/turkish","author_name":"kalem","author_url":"https:\/\/akunq.net\/turkish\/author\/kalem\/","title":"Ermenilerin 24 Nisan ac\u0131s\u0131n\u0131 payla\u015f\u0131yorum! - Bati Ermenistan Ve Bati Ermenileri Sorunlari Ara\u015ftirmalar Merkezi","type":"rich","width":600,"height":338,"html":"<blockquote class=\"wp-embedded-content\" data-secret=\"mi4B8IPV4S\"><a href=\"https:\/\/akunq.net\/turkish\/2010\/04\/26\/ermenilerin-24-nisan-acisini-paylasiyorum\/\">Ermenilerin 24 Nisan ac\u0131s\u0131n\u0131 payla\u015f\u0131yorum!<\/a><\/blockquote><iframe sandbox=\"allow-scripts\" security=\"restricted\" src=\"https:\/\/akunq.net\/turkish\/2010\/04\/26\/ermenilerin-24-nisan-acisini-paylasiyorum\/embed\/#?secret=mi4B8IPV4S\" width=\"600\" height=\"338\" title=\"&#8220;Ermenilerin 24 Nisan ac\u0131s\u0131n\u0131 payla\u015f\u0131yorum!&#8221; &#8212; Bati Ermenistan Ve Bati Ermenileri Sorunlari Ara\u015ftirmalar Merkezi\" data-secret=\"mi4B8IPV4S\" frameborder=\"0\" marginwidth=\"0\" marginheight=\"0\" scrolling=\"no\" class=\"wp-embedded-content\"><\/iframe><script>\n\/*! This file is auto-generated *\/\n!function(d,l){\"use strict\";l.querySelector&&d.addEventListener&&\"undefined\"!=typeof URL&&(d.wp=d.wp||{},d.wp.receiveEmbedMessage||(d.wp.receiveEmbedMessage=function(e){var t=e.data;if((t||t.secret||t.message||t.value)&&!\/[^a-zA-Z0-9]\/.test(t.secret)){for(var s,r,n,a=l.querySelectorAll('iframe[data-secret=\"'+t.secret+'\"]'),o=l.querySelectorAll('blockquote[data-secret=\"'+t.secret+'\"]'),c=new RegExp(\"^https?:$\",\"i\"),i=0;i<o.length;i++)o[i].style.display=\"none\";for(i=0;i<a.length;i++)s=a[i],e.source===s.contentWindow&&(s.removeAttribute(\"style\"),\"height\"===t.message?(1e3<(r=parseInt(t.value,10))?r=1e3:~~r<200&&(r=200),s.height=r):\"link\"===t.message&&(r=new URL(s.getAttribute(\"src\")),n=new URL(t.value),c.test(n.protocol))&&n.host===r.host&&l.activeElement===s&&(d.top.location.href=t.value))}},d.addEventListener(\"message\",d.wp.receiveEmbedMessage,!1),l.addEventListener(\"DOMContentLoaded\",function(){for(var e,t,s=l.querySelectorAll(\"iframe.wp-embedded-content\"),r=0;r<s.length;r++)(t=(e=s[r]).getAttribute(\"data-secret\"))||(t=Math.random().toString(36).substring(2,12),e.src+=\"#?secret=\"+t,e.setAttribute(\"data-secret\",t)),e.contentWindow.postMessage({message:\"ready\",secret:t},\"*\")},!1)))}(window,document);\n\/\/# sourceURL=https:\/\/akunq.net\/turkish\/wp-includes\/js\/wp-embed.min.js\n<\/script>\n","description":"Bug\u00fcn 24 Nisan.\u00a0\u00a095 y\u0131l \u00f6nce, 1915 y\u0131l\u0131n\u0131n 24 Nisan g\u00fcn\u00fc Osmanl\u0131 devletinin kepaze sayfalar\u0131ndan biri, iktidar partisi \u0130ttihat Terakki taraf\u0131ndan yaz\u0131lmaya ba\u015flad\u0131. Osmanl\u0131 Ermenileri y\u00fczy\u0131llard\u0131r ya\u015fad\u0131klar\u0131, do\u011fup b\u00fcy\u00fcd\u00fckleri Anadolu\u2019da, kendi topraklar\u0131nda ve kendi devletlerinin elinde b\u00fcy\u00fck ac\u0131lar ya\u015famaya, k\u00f6klerinden kopar\u0131lmaya, k\u0131y\u0131ma u\u011frat\u0131lmaya, izleri silinmeye ba\u015flad\u0131. Tarihin bu sayfalar\u0131na kimi tehcir, kimi trajedi, kimi k\u0131y\u0131m, kimi [&hellip;]"}