{"version":"1.0","provider_name":"Bati Ermenistan Ve Bati Ermenileri Sorunlari Ara\u015ftirmalar Merkezi","provider_url":"https:\/\/akunq.net\/turkish","author_name":"kalem","author_url":"https:\/\/akunq.net\/turkish\/author\/kalem\/","title":"Haydarpa\u015fa Gar\u0131'nda 1915 Tehcir edilen Ermeniler an\u0131lacak - Bati Ermenistan Ve Bati Ermenileri Sorunlari Ara\u015ftirmalar Merkezi","type":"rich","width":600,"height":338,"html":"<blockquote class=\"wp-embedded-content\" data-secret=\"rTKP6LeNyl\"><a href=\"https:\/\/akunq.net\/turkish\/2010\/04\/22\/haydarpasa-garinda-1915-tehcir-edilen-ermeniler-anilacak\/\">Haydarpa\u015fa Gar\u0131&#8217;nda 1915 Tehcir edilen Ermeniler an\u0131lacak<\/a><\/blockquote><iframe sandbox=\"allow-scripts\" security=\"restricted\" src=\"https:\/\/akunq.net\/turkish\/2010\/04\/22\/haydarpasa-garinda-1915-tehcir-edilen-ermeniler-anilacak\/embed\/#?secret=rTKP6LeNyl\" width=\"600\" height=\"338\" title=\"&#8220;Haydarpa\u015fa Gar\u0131&#8217;nda 1915 Tehcir edilen Ermeniler an\u0131lacak&#8221; &#8212; Bati Ermenistan Ve Bati Ermenileri Sorunlari Ara\u015ftirmalar Merkezi\" data-secret=\"rTKP6LeNyl\" frameborder=\"0\" marginwidth=\"0\" marginheight=\"0\" scrolling=\"no\" class=\"wp-embedded-content\"><\/iframe><script>\n\/*! This file is auto-generated *\/\n!function(d,l){\"use strict\";l.querySelector&&d.addEventListener&&\"undefined\"!=typeof URL&&(d.wp=d.wp||{},d.wp.receiveEmbedMessage||(d.wp.receiveEmbedMessage=function(e){var t=e.data;if((t||t.secret||t.message||t.value)&&!\/[^a-zA-Z0-9]\/.test(t.secret)){for(var s,r,n,a=l.querySelectorAll('iframe[data-secret=\"'+t.secret+'\"]'),o=l.querySelectorAll('blockquote[data-secret=\"'+t.secret+'\"]'),c=new RegExp(\"^https?:$\",\"i\"),i=0;i<o.length;i++)o[i].style.display=\"none\";for(i=0;i<a.length;i++)s=a[i],e.source===s.contentWindow&&(s.removeAttribute(\"style\"),\"height\"===t.message?(1e3<(r=parseInt(t.value,10))?r=1e3:~~r<200&&(r=200),s.height=r):\"link\"===t.message&&(r=new URL(s.getAttribute(\"src\")),n=new URL(t.value),c.test(n.protocol))&&n.host===r.host&&l.activeElement===s&&(d.top.location.href=t.value))}},d.addEventListener(\"message\",d.wp.receiveEmbedMessage,!1),l.addEventListener(\"DOMContentLoaded\",function(){for(var e,t,s=l.querySelectorAll(\"iframe.wp-embedded-content\"),r=0;r<s.length;r++)(t=(e=s[r]).getAttribute(\"data-secret\"))||(t=Math.random().toString(36).substring(2,12),e.src+=\"#?secret=\"+t,e.setAttribute(\"data-secret\",t)),e.contentWindow.postMessage({message:\"ready\",secret:t},\"*\")},!1)))}(window,document);\n\/\/# sourceURL=https:\/\/akunq.net\/turkish\/wp-includes\/js\/wp-embed.min.js\n<\/script>\n","description":"21 Nisan 2010 \u00c7ar\u015famba, 09:28:39 \u0130HD, 1915\u2019te 220 Ermeni ayd\u0131n\u0131n trenle Anadolu\u2019ya g\u00f6nderildi\u011fi Haydarpa\u015fa Gar\u0131\u2019nda, tehcir edilen Ermeniler i\u00e7in bir anma program\u0131 ger\u00e7ekle\u015ftirecek. T\u00fclay \u015eUBATLI\/AHT \u0130NSAN Haklar\u0131 Derne\u011fi (\u0130HD), 24 Nisan\u2019da tehcir edilen Ermeniler i\u00e7in Haydarpa\u015fa Gar\u0131\u2019nda anma t\u00f6reni d\u00fczenleyecek. Haydarpa\u015fa Gar\u0131 giri\u015finde saat 13.30\u2019da yap\u0131lacak anma t\u00f6reniyle ilgili duyurumetninde, 24 Nisan 1915\u2019de Ermeni toplumunun [&hellip;]"}