{"version":"1.0","provider_name":"Bati Ermenistan Ve Bati Ermenileri Sorunlari Ara\u015ftirmalar Merkezi","provider_url":"https:\/\/akunq.net\/turkish","author_name":"kalem","author_url":"https:\/\/akunq.net\/turkish\/author\/kalem\/","title":"Bu ac\u0131 B\u0130Z\u0130M ac\u0131m\u0131z. Bu yas HEP\u0130M\u0130Z\u0130N - Bati Ermenistan Ve Bati Ermenileri Sorunlari Ara\u015ftirmalar Merkezi","type":"rich","width":600,"height":338,"html":"<blockquote class=\"wp-embedded-content\" data-secret=\"uR9r45MCcC\"><a href=\"https:\/\/akunq.net\/turkish\/2010\/04\/22\/371\/\">Bu ac\u0131 B\u0130Z\u0130M ac\u0131m\u0131z. Bu yas HEP\u0130M\u0130Z\u0130N<\/a><\/blockquote><iframe sandbox=\"allow-scripts\" security=\"restricted\" src=\"https:\/\/akunq.net\/turkish\/2010\/04\/22\/371\/embed\/#?secret=uR9r45MCcC\" width=\"600\" height=\"338\" title=\"&#8220;Bu ac\u0131 B\u0130Z\u0130M ac\u0131m\u0131z. Bu yas HEP\u0130M\u0130Z\u0130N&#8221; &#8212; Bati Ermenistan Ve Bati Ermenileri Sorunlari Ara\u015ftirmalar Merkezi\" data-secret=\"uR9r45MCcC\" frameborder=\"0\" marginwidth=\"0\" marginheight=\"0\" scrolling=\"no\" class=\"wp-embedded-content\"><\/iframe><script>\n\/*! This file is auto-generated *\/\n!function(d,l){\"use strict\";l.querySelector&&d.addEventListener&&\"undefined\"!=typeof URL&&(d.wp=d.wp||{},d.wp.receiveEmbedMessage||(d.wp.receiveEmbedMessage=function(e){var t=e.data;if((t||t.secret||t.message||t.value)&&!\/[^a-zA-Z0-9]\/.test(t.secret)){for(var s,r,n,a=l.querySelectorAll('iframe[data-secret=\"'+t.secret+'\"]'),o=l.querySelectorAll('blockquote[data-secret=\"'+t.secret+'\"]'),c=new RegExp(\"^https?:$\",\"i\"),i=0;i<o.length;i++)o[i].style.display=\"none\";for(i=0;i<a.length;i++)s=a[i],e.source===s.contentWindow&&(s.removeAttribute(\"style\"),\"height\"===t.message?(1e3<(r=parseInt(t.value,10))?r=1e3:~~r<200&&(r=200),s.height=r):\"link\"===t.message&&(r=new URL(s.getAttribute(\"src\")),n=new URL(t.value),c.test(n.protocol))&&n.host===r.host&&l.activeElement===s&&(d.top.location.href=t.value))}},d.addEventListener(\"message\",d.wp.receiveEmbedMessage,!1),l.addEventListener(\"DOMContentLoaded\",function(){for(var e,t,s=l.querySelectorAll(\"iframe.wp-embedded-content\"),r=0;r<s.length;r++)(t=(e=s[r]).getAttribute(\"data-secret\"))||(t=Math.random().toString(36).substring(2,12),e.src+=\"#?secret=\"+t,e.setAttribute(\"data-secret\",t)),e.contentWindow.postMessage({message:\"ready\",secret:t},\"*\")},!1)))}(window,document);\n\/\/# sourceURL=https:\/\/akunq.net\/turkish\/wp-includes\/js\/wp-embed.min.js\n<\/script>\n","description":"1915\u2019te, n\u00fcfusumuz hen\u00fcz 13 milyonken, bu topraklarda 1,5 \u2013 2 milyon Ermeni ya\u015f\u0131yordu. Trakya\u2019da, Ege\u2019de, Adana\u2019da, Malatya\u2019da, Van\u2019da, Kars\u2019ta\u2026 Samatya\u2019da, \u015ei\u015fli\u2019de, Adalar\u2019da, Galata\u2019da\u2026 Mahalle bakkal\u0131m\u0131z, terzimiz, kuyumcumuz, marangozumuz, kundurac\u0131m\u0131z, yan tarladaki ren\u00e7berimiz, de\u011firmencimiz, s\u0131n\u0131f arkada\u015f\u0131m\u0131z, \u00f6\u011fretmenimiz, subay\u0131m\u0131z, emir erimiz, milletvekilimiz, tarih\u00e7imiz, bestek\u00e2r\u0131m\u0131z\u2026 Arkada\u015flar\u0131m\u0131zd\u0131lar. Kap\u0131 kom\u015fular\u0131m\u0131z, dert ortaklar\u0131m\u0131zd\u0131lar. Trakya\u2019da, Ege\u2019de, Adana\u2019da, Malatya\u2019da, Van\u2019da, Kars\u2019ta\u2026 Samatya\u2019da, \u015ei\u015fli\u2019de, [&hellip;]"}