{"version":"1.0","provider_name":"Bati Ermenistan Ve Bati Ermenileri Sorunlari Ara\u015ftirmalar Merkezi","provider_url":"https:\/\/akunq.net\/turkish","author_name":"kalem","author_url":"https:\/\/akunq.net\/turkish\/author\/kalem\/","title":"H\u0131ristiyan \u00f6\u011frenciye '\u015fahadet' daya\u011f\u0131 iddias\u0131 - Bati Ermenistan Ve Bati Ermenileri Sorunlari Ara\u015ftirmalar Merkezi","type":"rich","width":600,"height":338,"html":"<blockquote class=\"wp-embedded-content\" data-secret=\"TGQYFJlezr\"><a href=\"https:\/\/akunq.net\/turkish\/2010\/04\/22\/363\/\">H\u0131ristiyan \u00f6\u011frenciye &#8216;\u015fahadet&#8217; daya\u011f\u0131 iddias\u0131<\/a><\/blockquote><iframe sandbox=\"allow-scripts\" security=\"restricted\" src=\"https:\/\/akunq.net\/turkish\/2010\/04\/22\/363\/embed\/#?secret=TGQYFJlezr\" width=\"600\" height=\"338\" title=\"&#8220;H\u0131ristiyan \u00f6\u011frenciye &#8216;\u015fahadet&#8217; daya\u011f\u0131 iddias\u0131&#8221; &#8212; Bati Ermenistan Ve Bati Ermenileri Sorunlari Ara\u015ftirmalar Merkezi\" data-secret=\"TGQYFJlezr\" frameborder=\"0\" marginwidth=\"0\" marginheight=\"0\" scrolling=\"no\" class=\"wp-embedded-content\"><\/iframe><script>\n\/*! This file is auto-generated *\/\n!function(d,l){\"use strict\";l.querySelector&&d.addEventListener&&\"undefined\"!=typeof URL&&(d.wp=d.wp||{},d.wp.receiveEmbedMessage||(d.wp.receiveEmbedMessage=function(e){var t=e.data;if((t||t.secret||t.message||t.value)&&!\/[^a-zA-Z0-9]\/.test(t.secret)){for(var s,r,n,a=l.querySelectorAll('iframe[data-secret=\"'+t.secret+'\"]'),o=l.querySelectorAll('blockquote[data-secret=\"'+t.secret+'\"]'),c=new RegExp(\"^https?:$\",\"i\"),i=0;i<o.length;i++)o[i].style.display=\"none\";for(i=0;i<a.length;i++)s=a[i],e.source===s.contentWindow&&(s.removeAttribute(\"style\"),\"height\"===t.message?(1e3<(r=parseInt(t.value,10))?r=1e3:~~r<200&&(r=200),s.height=r):\"link\"===t.message&&(r=new URL(s.getAttribute(\"src\")),n=new URL(t.value),c.test(n.protocol))&&n.host===r.host&&l.activeElement===s&&(d.top.location.href=t.value))}},d.addEventListener(\"message\",d.wp.receiveEmbedMessage,!1),l.addEventListener(\"DOMContentLoaded\",function(){for(var e,t,s=l.querySelectorAll(\"iframe.wp-embedded-content\"),r=0;r<s.length;r++)(t=(e=s[r]).getAttribute(\"data-secret\"))||(t=Math.random().toString(36).substring(2,12),e.src+=\"#?secret=\"+t,e.setAttribute(\"data-secret\",t)),e.contentWindow.postMessage({message:\"ready\",secret:t},\"*\")},!1)))}(window,document);\n\/\/# sourceURL=https:\/\/akunq.net\/turkish\/wp-includes\/js\/wp-embed.min.js\n<\/script>\n","description":"Diyarbak\u0131r\u2019da ailesi ile birlikte din de\u011fi\u015ftirip Protestan cemaatine kat\u0131lan ilk\u00f6\u011fretim \u00f6\u011frencisi H.B.\u2019nin, din dersinde \u201cKelime-i \u015eahadet\u201d getirmedi\u011fi i\u00e7in \u00f6\u011fretmen taraf\u0131ndan d\u00f6v\u00fcld\u00fc\u011f\u00fc \u00f6ne s\u00fcr\u00fcld\u00fc. H\u0131ristiyan ailenin \u015fik\u00e2yeti \u00fczerine Valilik soru\u015fturma ba\u015flatt\u0131. Ailesi ile birlikte 2008 y\u0131l\u0131nda din de\u011fi\u015ftirip G\u00fcneydo\u011fu\u2019nun tek Protestan Kilisesi cemaatine kat\u0131lan \u0130lk\u00f6\u011fretim 5. s\u0131n\u0131f \u00f6\u011frencisi H.B., 2009-2010 e\u011fitim \u00f6\u011fretim y\u0131l\u0131 ba\u015f\u0131nda merkez Ba\u011flar [&hellip;]"}