{"version":"1.0","provider_name":"Bati Ermenistan Ve Bati Ermenileri Sorunlari Ara\u015ftirmalar Merkezi","provider_url":"https:\/\/akunq.net\/turkish","author_name":"kalem","author_url":"https:\/\/akunq.net\/turkish\/author\/kalem\/","title":"'T\u00fcrkiye art\u0131k ge\u00e7mi\u015fiyle y\u00fczle\u015fmeli' - Bati Ermenistan Ve Bati Ermenileri Sorunlari Ara\u015ftirmalar Merkezi","type":"rich","width":600,"height":338,"html":"<blockquote class=\"wp-embedded-content\" data-secret=\"44QCEsQUZ0\"><a href=\"https:\/\/akunq.net\/turkish\/2010\/04\/17\/turkiye-artik-gecmisiyle-yuzlesmeli\/\">&#8216;T\u00fcrkiye art\u0131k ge\u00e7mi\u015fiyle y\u00fczle\u015fmeli&#8217;<\/a><\/blockquote><iframe sandbox=\"allow-scripts\" security=\"restricted\" src=\"https:\/\/akunq.net\/turkish\/2010\/04\/17\/turkiye-artik-gecmisiyle-yuzlesmeli\/embed\/#?secret=44QCEsQUZ0\" width=\"600\" height=\"338\" title=\"&#8220;&#8216;T\u00fcrkiye art\u0131k ge\u00e7mi\u015fiyle y\u00fczle\u015fmeli&#8217;&#8221; &#8212; Bati Ermenistan Ve Bati Ermenileri Sorunlari Ara\u015ftirmalar Merkezi\" data-secret=\"44QCEsQUZ0\" frameborder=\"0\" marginwidth=\"0\" marginheight=\"0\" scrolling=\"no\" class=\"wp-embedded-content\"><\/iframe><script>\n\/*! This file is auto-generated *\/\n!function(d,l){\"use strict\";l.querySelector&&d.addEventListener&&\"undefined\"!=typeof URL&&(d.wp=d.wp||{},d.wp.receiveEmbedMessage||(d.wp.receiveEmbedMessage=function(e){var t=e.data;if((t||t.secret||t.message||t.value)&&!\/[^a-zA-Z0-9]\/.test(t.secret)){for(var s,r,n,a=l.querySelectorAll('iframe[data-secret=\"'+t.secret+'\"]'),o=l.querySelectorAll('blockquote[data-secret=\"'+t.secret+'\"]'),c=new RegExp(\"^https?:$\",\"i\"),i=0;i<o.length;i++)o[i].style.display=\"none\";for(i=0;i<a.length;i++)s=a[i],e.source===s.contentWindow&&(s.removeAttribute(\"style\"),\"height\"===t.message?(1e3<(r=parseInt(t.value,10))?r=1e3:~~r<200&&(r=200),s.height=r):\"link\"===t.message&&(r=new URL(s.getAttribute(\"src\")),n=new URL(t.value),c.test(n.protocol))&&n.host===r.host&&l.activeElement===s&&(d.top.location.href=t.value))}},d.addEventListener(\"message\",d.wp.receiveEmbedMessage,!1),l.addEventListener(\"DOMContentLoaded\",function(){for(var e,t,s=l.querySelectorAll(\"iframe.wp-embedded-content\"),r=0;r<s.length;r++)(t=(e=s[r]).getAttribute(\"data-secret\"))||(t=Math.random().toString(36).substring(2,12),e.src+=\"#?secret=\"+t,e.setAttribute(\"data-secret\",t)),e.contentWindow.postMessage({message:\"ready\",secret:t},\"*\")},!1)))}(window,document);\n\/\/# sourceURL=https:\/\/akunq.net\/turkish\/wp-includes\/js\/wp-embed.min.js\n<\/script>\n","description":"Avrupa Edebiyat\u0131 T\u00fcrkiye&#8217;de projesi i\u00e7in \u0130stanbul&#8216;a gelen G\u00fcnter Grass, Almanya B\u00fcy\u00fckel\u00e7isi Echart Cuntz, AB B\u00fcy\u00fckel\u00e7isi Marc Pierini ve Goethe Enstit\u00fcs\u00fc m\u00fcd\u00fcr\u00fc Claudia Hahn Raabe ve tan\u0131nm\u0131\u015f yazar Ya\u015far Kemal\u2019\u0131n kat\u0131ld\u0131\u011f\u0131 bas\u0131n toplant\u0131s\u0131nda T\u00fcrkiye siyasetine ili\u015fkin \u00e7arp\u0131c\u0131 s\u00f6zler s\u00f6yledi: \u0559\u00a0Ben 1945\u2019te 17 ya\u015f\u0131ndayd\u0131m. Nazi ideolojisinin etkisinde kalm\u0131\u015ft\u0131m. 12 y\u0131l boyunca Nazilerin yapt\u0131\u011f\u0131 vah\u015feti kabul etmek istemedim. [&hellip;]"}