{"version":"1.0","provider_name":"Bati Ermenistan Ve Bati Ermenileri Sorunlari Ara\u015ftirmalar Merkezi","provider_url":"https:\/\/akunq.net\/turkish","author_name":"kalem","author_url":"https:\/\/akunq.net\/turkish\/author\/kalem\/","title":"Vak\u0131f sorunlar\u0131 Ankara\u2019ya iletilecek - Bati Ermenistan Ve Bati Ermenileri Sorunlari Ara\u015ftirmalar Merkezi","type":"rich","width":600,"height":338,"html":"<blockquote class=\"wp-embedded-content\" data-secret=\"tqHYdKgznt\"><a href=\"https:\/\/akunq.net\/turkish\/2010\/04\/16\/vakif-sorunlari-ankaraya-iletilecek\/\">Vak\u0131f sorunlar\u0131 Ankara\u2019ya iletilecek<\/a><\/blockquote><iframe sandbox=\"allow-scripts\" security=\"restricted\" src=\"https:\/\/akunq.net\/turkish\/2010\/04\/16\/vakif-sorunlari-ankaraya-iletilecek\/embed\/#?secret=tqHYdKgznt\" width=\"600\" height=\"338\" title=\"&#8220;Vak\u0131f sorunlar\u0131 Ankara\u2019ya iletilecek&#8221; &#8212; Bati Ermenistan Ve Bati Ermenileri Sorunlari Ara\u015ftirmalar Merkezi\" data-secret=\"tqHYdKgznt\" frameborder=\"0\" marginwidth=\"0\" marginheight=\"0\" scrolling=\"no\" class=\"wp-embedded-content\"><\/iframe><script>\n\/*! This file is auto-generated *\/\n!function(d,l){\"use strict\";l.querySelector&&d.addEventListener&&\"undefined\"!=typeof URL&&(d.wp=d.wp||{},d.wp.receiveEmbedMessage||(d.wp.receiveEmbedMessage=function(e){var t=e.data;if((t||t.secret||t.message||t.value)&&!\/[^a-zA-Z0-9]\/.test(t.secret)){for(var s,r,n,a=l.querySelectorAll('iframe[data-secret=\"'+t.secret+'\"]'),o=l.querySelectorAll('blockquote[data-secret=\"'+t.secret+'\"]'),c=new RegExp(\"^https?:$\",\"i\"),i=0;i<o.length;i++)o[i].style.display=\"none\";for(i=0;i<a.length;i++)s=a[i],e.source===s.contentWindow&&(s.removeAttribute(\"style\"),\"height\"===t.message?(1e3<(r=parseInt(t.value,10))?r=1e3:~~r<200&&(r=200),s.height=r):\"link\"===t.message&&(r=new URL(s.getAttribute(\"src\")),n=new URL(t.value),c.test(n.protocol))&&n.host===r.host&&l.activeElement===s&&(d.top.location.href=t.value))}},d.addEventListener(\"message\",d.wp.receiveEmbedMessage,!1),l.addEventListener(\"DOMContentLoaded\",function(){for(var e,t,s=l.querySelectorAll(\"iframe.wp-embedded-content\"),r=0;r<s.length;r++)(t=(e=s[r]).getAttribute(\"data-secret\"))||(t=Math.random().toString(36).substring(2,12),e.src+=\"#?secret=\"+t,e.setAttribute(\"data-secret\",t)),e.contentWindow.postMessage({message:\"ready\",secret:t},\"*\")},!1)))}(window,document);\n\/\/# sourceURL=https:\/\/akunq.net\/turkish\/wp-includes\/js\/wp-embed.min.js\n<\/script>\n","description":"\u2018Devlet tasarrufuna al\u0131nm\u0131\u015f ta\u015f\u0131nmazlar\u2019\u0131n iadesi i\u00e7in yap\u0131lan \u00e7al\u0131\u015fmalara \u00f6nderlik etmek i\u00e7in 2008\u2019de kurulan Ortak Emlak Komisyonu\u2019nun \u00fcyeleri, vak\u0131flara ula\u015fan sonu\u00e7lar\u0131 de\u011ferlendirmek \u00fczere, 31 Mart \u00c7ar\u015famba ak\u015fam\u0131, VAD\u0130P \u00fcyeleri ve Cemaat Vak\u0131flar\u0131 Temsilcisi Laki Vingas\u2019la T\u00fcrkiye Ermeni Patrikhanesi\u2019nde bir araya geldi. Patriklik Ruhani Kurulu Ba\u015fkan\u0131 Ba\u015fepiskopos Aram Ate\u015fyan\u2019\u0131n da haz\u0131r bulundu\u011fu toplant\u0131da var\u0131lan ortak kan\u0131, sonu\u00e7lar\u0131n [&hellip;]"}