{"version":"1.0","provider_name":"Bati Ermenistan Ve Bati Ermenileri Sorunlari Ara\u015ftirmalar Merkezi","provider_url":"https:\/\/akunq.net\/turkish","author_name":"kalem","author_url":"https:\/\/akunq.net\/turkish\/author\/kalem\/","title":"Ermeni mezarl\u0131\u011f\u0131 \u00fcst\u00fcne k\u00f6y odas\u0131 - Bati Ermenistan Ve Bati Ermenileri Sorunlari Ara\u015ftirmalar Merkezi","type":"rich","width":600,"height":338,"html":"<blockquote class=\"wp-embedded-content\" data-secret=\"ViM1lDlPIy\"><a href=\"https:\/\/akunq.net\/turkish\/2010\/04\/12\/ermeni-mezarligi-ustune-koy-odasi\/\">Ermeni mezarl\u0131\u011f\u0131 \u00fcst\u00fcne k\u00f6y odas\u0131<\/a><\/blockquote><iframe sandbox=\"allow-scripts\" security=\"restricted\" src=\"https:\/\/akunq.net\/turkish\/2010\/04\/12\/ermeni-mezarligi-ustune-koy-odasi\/embed\/#?secret=ViM1lDlPIy\" width=\"600\" height=\"338\" title=\"&#8220;Ermeni mezarl\u0131\u011f\u0131 \u00fcst\u00fcne k\u00f6y odas\u0131&#8221; &#8212; Bati Ermenistan Ve Bati Ermenileri Sorunlari Ara\u015ftirmalar Merkezi\" data-secret=\"ViM1lDlPIy\" frameborder=\"0\" marginwidth=\"0\" marginheight=\"0\" scrolling=\"no\" class=\"wp-embedded-content\"><\/iframe><script>\n\/*! This file is auto-generated *\/\n!function(d,l){\"use strict\";l.querySelector&&d.addEventListener&&\"undefined\"!=typeof URL&&(d.wp=d.wp||{},d.wp.receiveEmbedMessage||(d.wp.receiveEmbedMessage=function(e){var t=e.data;if((t||t.secret||t.message||t.value)&&!\/[^a-zA-Z0-9]\/.test(t.secret)){for(var s,r,n,a=l.querySelectorAll('iframe[data-secret=\"'+t.secret+'\"]'),o=l.querySelectorAll('blockquote[data-secret=\"'+t.secret+'\"]'),c=new RegExp(\"^https?:$\",\"i\"),i=0;i<o.length;i++)o[i].style.display=\"none\";for(i=0;i<a.length;i++)s=a[i],e.source===s.contentWindow&&(s.removeAttribute(\"style\"),\"height\"===t.message?(1e3<(r=parseInt(t.value,10))?r=1e3:~~r<200&&(r=200),s.height=r):\"link\"===t.message&&(r=new URL(s.getAttribute(\"src\")),n=new URL(t.value),c.test(n.protocol))&&n.host===r.host&&l.activeElement===s&&(d.top.location.href=t.value))}},d.addEventListener(\"message\",d.wp.receiveEmbedMessage,!1),l.addEventListener(\"DOMContentLoaded\",function(){for(var e,t,s=l.querySelectorAll(\"iframe.wp-embedded-content\"),r=0;r<s.length;r++)(t=(e=s[r]).getAttribute(\"data-secret\"))||(t=Math.random().toString(36).substring(2,12),e.src+=\"#?secret=\"+t,e.setAttribute(\"data-secret\",t)),e.contentWindow.postMessage({message:\"ready\",secret:t},\"*\")},!1)))}(window,document);\n\/\/# sourceURL=https:\/\/akunq.net\/turkish\/wp-includes\/js\/wp-embed.min.js\n<\/script>\n","description":"Van\u2019\u0131n Bah\u00e7esaray il\u00e7esi Yaylakonak K\u00f6y\u00fc\u2019ndeki Ermeni mezarl\u0131\u011f\u0131 \u00fczerine in\u015faat yap\u0131ld\u0131. Eski ad\u0131 Terema\u011f olan k\u00f6yde Muhtar M\u00fcnir Hatim\u2019in yapt\u0131\u011f\u0131 in\u015faat\u0131n durdurulmas\u0131 i\u00e7in k\u00f6yl\u00fcler K\u00fclt\u00fcr ve Turizm M\u00fcd\u00fcrl\u00fc\u011f\u00fc ile M\u00fcze M\u00fcd\u00fcrl\u00fc\u011f\u00fc\u2019ne ba\u015fvuruda bulunurken, Van Milletvekili Fatma Kurtulan da, TBMM\u2019ye \u00f6nerge verdi. Olaydan Kaymakam Mehmet Y\u00fczer\u2019in haberdar oldu\u011funu, ancak m\u00fcdahale etmedi\u011fini iddia eden k\u00f6yl\u00fcler sonunda \u0130nsan Haklar\u0131 [&hellip;]"}