{"version":"1.0","provider_name":"Bati Ermenistan Ve Bati Ermenileri Sorunlari Ara\u015ftirmalar Merkezi","provider_url":"https:\/\/akunq.net\/turkish","author_name":"kalem","author_url":"https:\/\/akunq.net\/turkish\/author\/kalem\/","title":"Millet-i Mahkume\u2019den Az\u0131nl\u0131k Yurtta\u015fl\u0131\u011f\u0131na - Bati Ermenistan Ve Bati Ermenileri Sorunlari Ara\u015ftirmalar Merkezi","type":"rich","width":600,"height":338,"html":"<blockquote class=\"wp-embedded-content\" data-secret=\"jOIcnLblN7\"><a href=\"https:\/\/akunq.net\/turkish\/2010\/03\/16\/millet-i-mahkumeden-azinlik-yurttasligina\/\">Millet-i Mahkume\u2019den Az\u0131nl\u0131k Yurtta\u015fl\u0131\u011f\u0131na<\/a><\/blockquote><iframe sandbox=\"allow-scripts\" security=\"restricted\" src=\"https:\/\/akunq.net\/turkish\/2010\/03\/16\/millet-i-mahkumeden-azinlik-yurttasligina\/embed\/#?secret=jOIcnLblN7\" width=\"600\" height=\"338\" title=\"&#8220;Millet-i Mahkume\u2019den Az\u0131nl\u0131k Yurtta\u015fl\u0131\u011f\u0131na&#8221; &#8212; Bati Ermenistan Ve Bati Ermenileri Sorunlari Ara\u015ftirmalar Merkezi\" data-secret=\"jOIcnLblN7\" frameborder=\"0\" marginwidth=\"0\" marginheight=\"0\" scrolling=\"no\" class=\"wp-embedded-content\"><\/iframe><script>\n\/*! This file is auto-generated *\/\n!function(d,l){\"use strict\";l.querySelector&&d.addEventListener&&\"undefined\"!=typeof URL&&(d.wp=d.wp||{},d.wp.receiveEmbedMessage||(d.wp.receiveEmbedMessage=function(e){var t=e.data;if((t||t.secret||t.message||t.value)&&!\/[^a-zA-Z0-9]\/.test(t.secret)){for(var s,r,n,a=l.querySelectorAll('iframe[data-secret=\"'+t.secret+'\"]'),o=l.querySelectorAll('blockquote[data-secret=\"'+t.secret+'\"]'),c=new RegExp(\"^https?:$\",\"i\"),i=0;i<o.length;i++)o[i].style.display=\"none\";for(i=0;i<a.length;i++)s=a[i],e.source===s.contentWindow&&(s.removeAttribute(\"style\"),\"height\"===t.message?(1e3<(r=parseInt(t.value,10))?r=1e3:~~r<200&&(r=200),s.height=r):\"link\"===t.message&&(r=new URL(s.getAttribute(\"src\")),n=new URL(t.value),c.test(n.protocol))&&n.host===r.host&&l.activeElement===s&&(d.top.location.href=t.value))}},d.addEventListener(\"message\",d.wp.receiveEmbedMessage,!1),l.addEventListener(\"DOMContentLoaded\",function(){for(var e,t,s=l.querySelectorAll(\"iframe.wp-embedded-content\"),r=0;r<s.length;r++)(t=(e=s[r]).getAttribute(\"data-secret\"))||(t=Math.random().toString(36).substring(2,12),e.src+=\"#?secret=\"+t,e.setAttribute(\"data-secret\",t)),e.contentWindow.postMessage({message:\"ready\",secret:t},\"*\")},!1)))}(window,document);\n\/\/# sourceURL=https:\/\/akunq.net\/turkish\/wp-includes\/js\/wp-embed.min.js\n<\/script>\n","description":"Ba\u015fbakan\u0131n bir konu\u015fmas\u0131yla \u2018alt kimlik-\u00fcst kimlik\u2019 konusu T\u00fcrkiye g\u00fcndeminde tart\u0131\u015f\u0131lmaya ba\u015fland\u0131. Farkl\u0131 \u2018kimlik\u2019 tan\u0131mlar\u0131 yap\u0131ld\u0131. Kimilerine g\u00f6re kimli\u011fimizi belirleyen unsur genetik ve sosyolojik olgulard\u0131r. Buna g\u00f6re T\u00fcrkiye\u2019de say\u0131s\u0131 30 lardan 70 lere varan alt kimlik var. Kimilerine g\u00f6re kimlik dedi\u011fimiz \u015fey; siyasi, co\u011frafi ve k\u00fclt\u00fcrel birlikteliktir. Dolays\u0131yla hepimiz T\u00fcrkiyeliyiz. Bunun yan\u0131t\u0131n\u0131 hukuki ve anayasal yurtta\u015fl\u0131kla [&hellip;]"}