{"version":"1.0","provider_name":"Bati Ermenistan Ve Bati Ermenileri Sorunlari Ara\u015ftirmalar Merkezi","provider_url":"https:\/\/akunq.net\/turkish","author_name":"kalem","author_url":"https:\/\/akunq.net\/turkish\/author\/kalem\/","title":"40 Ya\u015f\u0131nda Anlad\u0131 Ki; Ermeniyim - Bati Ermenistan Ve Bati Ermenileri Sorunlari Ara\u015ftirmalar Merkezi","type":"rich","width":600,"height":338,"html":"<blockquote class=\"wp-embedded-content\" data-secret=\"rbOHjiEUUz\"><a href=\"https:\/\/akunq.net\/turkish\/2010\/03\/16\/40-yasinda-anladi-ki-ermeniyim\/\">40 Ya\u015f\u0131nda Anlad\u0131 Ki; Ermeniyim<\/a><\/blockquote><iframe sandbox=\"allow-scripts\" security=\"restricted\" src=\"https:\/\/akunq.net\/turkish\/2010\/03\/16\/40-yasinda-anladi-ki-ermeniyim\/embed\/#?secret=rbOHjiEUUz\" width=\"600\" height=\"338\" title=\"&#8220;40 Ya\u015f\u0131nda Anlad\u0131 Ki; Ermeniyim&#8221; &#8212; Bati Ermenistan Ve Bati Ermenileri Sorunlari Ara\u015ftirmalar Merkezi\" data-secret=\"rbOHjiEUUz\" frameborder=\"0\" marginwidth=\"0\" marginheight=\"0\" scrolling=\"no\" class=\"wp-embedded-content\"><\/iframe><script>\n\/*! This file is auto-generated *\/\n!function(d,l){\"use strict\";l.querySelector&&d.addEventListener&&\"undefined\"!=typeof URL&&(d.wp=d.wp||{},d.wp.receiveEmbedMessage||(d.wp.receiveEmbedMessage=function(e){var t=e.data;if((t||t.secret||t.message||t.value)&&!\/[^a-zA-Z0-9]\/.test(t.secret)){for(var s,r,n,a=l.querySelectorAll('iframe[data-secret=\"'+t.secret+'\"]'),o=l.querySelectorAll('blockquote[data-secret=\"'+t.secret+'\"]'),c=new RegExp(\"^https?:$\",\"i\"),i=0;i<o.length;i++)o[i].style.display=\"none\";for(i=0;i<a.length;i++)s=a[i],e.source===s.contentWindow&&(s.removeAttribute(\"style\"),\"height\"===t.message?(1e3<(r=parseInt(t.value,10))?r=1e3:~~r<200&&(r=200),s.height=r):\"link\"===t.message&&(r=new URL(s.getAttribute(\"src\")),n=new URL(t.value),c.test(n.protocol))&&n.host===r.host&&l.activeElement===s&&(d.top.location.href=t.value))}},d.addEventListener(\"message\",d.wp.receiveEmbedMessage,!1),l.addEventListener(\"DOMContentLoaded\",function(){for(var e,t,s=l.querySelectorAll(\"iframe.wp-embedded-content\"),r=0;r<s.length;r++)(t=(e=s[r]).getAttribute(\"data-secret\"))||(t=Math.random().toString(36).substring(2,12),e.src+=\"#?secret=\"+t,e.setAttribute(\"data-secret\",t)),e.contentWindow.postMessage({message:\"ready\",secret:t},\"*\")},!1)))}(window,document);\n\/\/# sourceURL=https:\/\/akunq.net\/turkish\/wp-includes\/js\/wp-embed.min.js\n<\/script>\n","description":"40 Ya\u015f\u0131nda Anlad\u0131 Ki; Ermeniyim &#8220;Korkuyorum Anne&#8221; \u015fark\u0131s\u0131yla haf\u0131zalara giren protest \u015fark\u0131c\u0131 Ya\u015far Kurt, 40 ya\u015f\u0131na geldi\u011finde ara\u015ft\u0131rmaya ba\u015flad\u0131 ve &#8220;Ermeni&#8221; oldu\u011funu \u00f6\u011frendi. \u00d6yk\u00fcs\u00fc ilgin\u00e7&#8230;\u00a0 Uzunca bir s\u00fcredir g\u00fcndemimizde \u201c\u00d6z\u00fcr Diliyoruz\u201d kampanyas\u0131 var. Mevzu, Cumhurba\u015fkan\u0131 Abdullah G\u00fcl\u2019\u00fcn Ermeni olup olmad\u0131\u011f\u0131 tart\u0131\u015fmas\u0131na kadar dayand\u0131. G\u00fcl, \u201cAilem, M\u00fcsl\u00fcman ve T\u00fcrk\u2019t\u00fcr\u201d dedi ama CHP milletvekili Canan Ar\u0131tman, \u0131rk\u00e7\u0131l\u0131\u011f\u0131n [&hellip;]"}