{"version":"1.0","provider_name":"Bati Ermenistan Ve Bati Ermenileri Sorunlari Ara\u015ftirmalar Merkezi","provider_url":"https:\/\/akunq.net\/turkish","author_name":"kalem","author_url":"https:\/\/akunq.net\/turkish\/author\/kalem\/","title":"1942 Varl\u0131k Vergisi\u2019nden 2002\u2019nin T\u00fcrkiye\u2019sine - Bati Ermenistan Ve Bati Ermenileri Sorunlari Ara\u015ftirmalar Merkezi","type":"rich","width":600,"height":338,"html":"<blockquote class=\"wp-embedded-content\" data-secret=\"vXW0pfAxAW\"><a href=\"https:\/\/akunq.net\/turkish\/2009\/04\/14\/1942-varlik-vergisinden-2002nin-turkiyesine\/\">1942 Varl\u0131k Vergisi\u2019nden 2002\u2019nin T\u00fcrkiye\u2019sine<\/a><\/blockquote><iframe sandbox=\"allow-scripts\" security=\"restricted\" src=\"https:\/\/akunq.net\/turkish\/2009\/04\/14\/1942-varlik-vergisinden-2002nin-turkiyesine\/embed\/#?secret=vXW0pfAxAW\" width=\"600\" height=\"338\" title=\"&#8220;1942 Varl\u0131k Vergisi\u2019nden 2002\u2019nin T\u00fcrkiye\u2019sine&#8221; &#8212; Bati Ermenistan Ve Bati Ermenileri Sorunlari Ara\u015ftirmalar Merkezi\" data-secret=\"vXW0pfAxAW\" frameborder=\"0\" marginwidth=\"0\" marginheight=\"0\" scrolling=\"no\" class=\"wp-embedded-content\"><\/iframe><script>\n\/*! This file is auto-generated *\/\n!function(d,l){\"use strict\";l.querySelector&&d.addEventListener&&\"undefined\"!=typeof URL&&(d.wp=d.wp||{},d.wp.receiveEmbedMessage||(d.wp.receiveEmbedMessage=function(e){var t=e.data;if((t||t.secret||t.message||t.value)&&!\/[^a-zA-Z0-9]\/.test(t.secret)){for(var s,r,n,a=l.querySelectorAll('iframe[data-secret=\"'+t.secret+'\"]'),o=l.querySelectorAll('blockquote[data-secret=\"'+t.secret+'\"]'),c=new RegExp(\"^https?:$\",\"i\"),i=0;i<o.length;i++)o[i].style.display=\"none\";for(i=0;i<a.length;i++)s=a[i],e.source===s.contentWindow&&(s.removeAttribute(\"style\"),\"height\"===t.message?(1e3<(r=parseInt(t.value,10))?r=1e3:~~r<200&&(r=200),s.height=r):\"link\"===t.message&&(r=new URL(s.getAttribute(\"src\")),n=new URL(t.value),c.test(n.protocol))&&n.host===r.host&&l.activeElement===s&&(d.top.location.href=t.value))}},d.addEventListener(\"message\",d.wp.receiveEmbedMessage,!1),l.addEventListener(\"DOMContentLoaded\",function(){for(var e,t,s=l.querySelectorAll(\"iframe.wp-embedded-content\"),r=0;r<s.length;r++)(t=(e=s[r]).getAttribute(\"data-secret\"))||(t=Math.random().toString(36).substring(2,12),e.src+=\"#?secret=\"+t,e.setAttribute(\"data-secret\",t)),e.contentWindow.postMessage({message:\"ready\",secret:t},\"*\")},!1)))}(window,document);\n\/\/# sourceURL=https:\/\/akunq.net\/turkish\/wp-includes\/js\/wp-embed.min.js\n<\/script>\n","description":"\u00a0Varl\u0131k Vergisi; &#8216;Halkin, b\u0131kt\u0131rmak, din, mezhep, farkl\u0131l\u0131\u011f\u0131 g\u00f6zetilerek vergilendirilmesi&#8217; 5 A\u011fustos 1942 de zaman\u0131n Ba\u015fbakan\u0131 \u015e\u00fckr\u00fc Sara\u00e7o\u011flu TBMM &#8216;de \u015f\u00f6yle konu\u015fur. &#8220;Biz T\u00fcrk\u00fcz, T\u00fcrk\u00e7\u00fcy\u00fcz ve T\u00fcrk\u00e7\u00fc kalaca\u011f\u0131z etraf\u0131nda d\u00f6nmez. Bizim Click T\u00fcrk\u00e7\u00fcl\u00fck B\u0130R kan meselesi oldugu kadar, Bir vicdan ve K\u00fclt\u00fcr meselesidir. Biz azalan T\u00fcrk\u00e7\u00fc Aliyormusun \u00e7o\u011falan ve \u00e7o\u011faltan T\u00fcrk\u00e7\u00fcy\u00fcz onun Vakit met istikamette \u00e7al\u0131\u015faca\u011f\u0131z [&hellip;]"}